{"id":423,"date":"2020-03-27T17:23:31","date_gmt":"2020-03-27T16:23:31","guid":{"rendered":"https:\/\/icc-weinfelden.ch\/kinderprojekte\/"},"modified":"2026-03-27T12:05:26","modified_gmt":"2026-03-27T11:05:26","slug":"project-for-children","status":"publish","type":"page","link":"https:\/\/icc-weinfelden.ch\/en\/project-for-children\/","title":{"rendered":"PROJECT FOR CHILDREN"},"content":{"rendered":"<p><div class=\"fusion-fullwidth fullwidth-box fusion-builder-row-1 nonhundred-percent-fullwidth non-hundred-percent-height-scrolling\" style=\"--awb-background-position:left top;--awb-border-sizes-top:0px;--awb-border-sizes-bottom:0px;--awb-border-sizes-left:0px;--awb-border-sizes-right:0px;--awb-border-radius-top-left:0px;--awb-border-radius-top-right:0px;--awb-border-radius-bottom-right:0px;--awb-border-radius-bottom-left:0px;--awb-padding-top:0%;--awb-padding-right:4%;--awb-padding-bottom:3%;--awb-padding-left:4%;--awb-flex-wrap:wrap;\" ><div class=\"fusion-builder-row fusion-row\"><div class=\"fusion-layout-column fusion_builder_column fusion-builder-column-0 fusion_builder_column_1_1 1_1 fusion-one-full fusion-column-first fusion-column-last fusion-column-no-min-height\" style=\"--awb-bg-size:cover;--awb-margin-bottom:0px;\"><div class=\"fusion-column-wrapper fusion-flex-column-wrapper-legacy\"><div class=\"fusion-text fusion-text-1\"><h2 class=\"\" style=\"text-align: center; --fontsize: 35; line-height: 1.29;\" data-fontsize=\"35\" data-lineheight=\"45.15px\">Colombia &#8211; Children&#8217;s hope project<\/h2>\n<p align=\"center\">The project of Caracoles began in 2008 and has been gradually developed.<\/p>\n<p align=\"center\">The Bible says at Proverbs 19:17: &#8220;Jehovah lends whoever gives to the poor, and the good he has done he will repay.<\/p>\n<\/div><div class=\"fusion-clearfix\"><\/div><\/div><\/div><\/div><\/div><div class=\"fusion-fullwidth fullwidth-box fusion-builder-row-2 fusion-flex-container has-pattern-background has-mask-background nonhundred-percent-fullwidth non-hundred-percent-height-scrolling\" style=\"--awb-border-radius-top-left:0px;--awb-border-radius-top-right:0px;--awb-border-radius-bottom-right:0px;--awb-border-radius-bottom-left:0px;--awb-flex-wrap:wrap;\" ><div class=\"fusion-builder-row fusion-row fusion-flex-align-items-flex-start fusion-flex-content-wrap\" style=\"max-width:1331.2px;margin-left: calc(-4% \/ 2 );margin-right: calc(-4% \/ 2 );\"><div class=\"fusion-layout-column fusion_builder_column fusion-builder-column-1 fusion_builder_column_1_1 1_1 fusion-flex-column\" style=\"--awb-bg-size:cover;--awb-width-large:100%;--awb-margin-top-large:0px;--awb-spacing-right-large:1.92%;--awb-margin-bottom-large:20px;--awb-spacing-left-large:1.92%;--awb-width-medium:100%;--awb-order-medium:0;--awb-spacing-right-medium:1.92%;--awb-spacing-left-medium:1.92%;--awb-width-small:100%;--awb-order-small:0;--awb-spacing-right-small:1.92%;--awb-spacing-left-small:1.92%;\"><div class=\"fusion-column-wrapper fusion-column-has-shadow fusion-flex-justify-content-flex-start fusion-content-layout-column\"><div class=\"fusion-title title fusion-title-1 fusion-sep-none fusion-title-text fusion-title-size-four\" style=\"--awb-margin-bottom:0%;--awb-margin-top-small:10px;--awb-margin-right-small:0px;--awb-margin-bottom-small:10px;--awb-margin-left-small:0px;\"><h4 class=\"fusion-title-heading title-heading-left fusion-responsive-typography-calculated\" style=\"margin:0;--fontSize:18;--minFontSize:18;line-height:1.33;\"><p class=\"v1MsoNormal\" style=\"text-align: left;\"><b>Visit by Pastors Andreas and Johana Lange in April\/May 2025<\/b><\/p><\/h4><\/div><\/div><\/div><\/div><\/div><div class=\"fusion-fullwidth fullwidth-box fusion-builder-row-3 fusion-flex-container has-pattern-background has-mask-background nonhundred-percent-fullwidth non-hundred-percent-height-scrolling\" style=\"--awb-border-radius-top-left:0px;--awb-border-radius-top-right:0px;--awb-border-radius-bottom-right:0px;--awb-border-radius-bottom-left:0px;--awb-padding-top:0%;--awb-margin-top:0%;--awb-flex-wrap:wrap;\" ><div class=\"fusion-builder-row fusion-row fusion-flex-align-items-flex-start fusion-flex-content-wrap\" style=\"max-width:1331.2px;margin-left: calc(-4% \/ 2 );margin-right: calc(-4% \/ 2 );\"><div class=\"fusion-layout-column fusion_builder_column fusion-builder-column-2 fusion_builder_column_1_1 1_1 fusion-flex-column\" style=\"--awb-padding-top:0%;--awb-bg-size:cover;--awb-width-large:100%;--awb-margin-top-large:0%;--awb-spacing-right-large:1.92%;--awb-margin-bottom-large:20px;--awb-spacing-left-large:1.92%;--awb-width-medium:100%;--awb-order-medium:0;--awb-spacing-right-medium:1.92%;--awb-spacing-left-medium:1.92%;--awb-width-small:100%;--awb-order-small:0;--awb-spacing-right-small:1.92%;--awb-spacing-left-small:1.92%;\" data-scroll-devices=\"small-visibility,medium-visibility,large-visibility\"><div class=\"fusion-column-wrapper fusion-column-has-shadow fusion-flex-justify-content-flex-start fusion-content-layout-column\"><div class=\"fusion-video fusion-selfhosted-video\" style=\"align-self:center;margin-top:0%;margin-bottom:1%;max-width:100%;\"><div class=\"video-wrapper\"><video playsinline=\"true\" width=\"100%\" style=\"object-fit: cover;\" muted=\"true\" preload=\"auto\" controls=\"1\"><source src=\"https:\/\/icc-weinfelden.ch\/wp-content\/uploads\/2025\/06\/Caracoles_ausfuehrlich_am-Schluss-kommt-noch-der-kurze-schon-bearbeitete-Teil.mp4\" type=\"video\/mp4\">Sorry, your browser doesn&#039;t support embedded videos.<\/video><\/div><\/div><div class=\"fusion-video fusion-selfhosted-video\" style=\"align-self:center;margin-top:1%;margin-bottom:1%;max-width:100%;\"><div class=\"video-wrapper\"><video playsinline=\"true\" width=\"100%\" style=\"object-fit: cover;\" muted=\"true\" preload=\"auto\" controls=\"1\"><source src=\"https:\/\/icc-weinfelden.ch\/wp-content\/uploads\/2025\/06\/Nueva-Ilusion.mp4\" type=\"video\/mp4\">Sorry, your browser doesn&#039;t support embedded videos.<\/video><\/div><\/div><div class=\"fusion-video fusion-selfhosted-video\" style=\"align-self:center;margin-top:1%;margin-bottom:1%;max-width:100%;\"><div class=\"video-wrapper\"><video playsinline=\"true\" width=\"100%\" style=\"object-fit: cover;\" muted=\"true\" preload=\"auto\" controls=\"1\"><source src=\"https:\/\/icc-weinfelden.ch\/wp-content\/uploads\/2025\/06\/Jose-Bernal.mp4\" type=\"video\/mp4\">Sorry, your browser doesn&#039;t support embedded videos.<\/video><\/div><\/div><\/div><\/div><\/div><\/div>\n<div class=\"fusion-fullwidth fullwidth-box fusion-builder-row-4 nonhundred-percent-fullwidth non-hundred-percent-height-scrolling\" style=\"--awb-background-position:left top;--awb-border-sizes-top:0px;--awb-border-sizes-bottom:0px;--awb-border-sizes-left:0px;--awb-border-sizes-right:0px;--awb-border-radius-top-left:0px;--awb-border-radius-top-right:0px;--awb-border-radius-bottom-right:0px;--awb-border-radius-bottom-left:0px;--awb-padding-top:0%;--awb-padding-right:4%;--awb-padding-bottom:3%;--awb-padding-left:4%;--awb-flex-wrap:wrap;\" ><div class=\"fusion-builder-row fusion-row\"><div class=\"fusion-layout-column fusion_builder_column fusion-builder-column-3 fusion_builder_column_1_1 1_1 fusion-one-full fusion-column-first fusion-column-last\" style=\"--awb-bg-blend:overlay;--awb-bg-size:cover;--awb-margin-top:1%;--awb-margin-bottom:1%;\" data-scroll-devices=\"small-visibility,medium-visibility,large-visibility\"><div class=\"fusion-column-wrapper fusion-column-has-shadow fusion-flex-column-wrapper-legacy\"><div class=\"fusion-title title fusion-title-2 fusion-sep-none fusion-title-center fusion-title-text fusion-title-size-three\" style=\"--awb-text-color:var(--awb-custom18);--awb-margin-top-small:10px;--awb-margin-right-small:0px;--awb-margin-bottom-small:10px;--awb-margin-left-small:0px;\"><h3 class=\"fusion-title-heading title-heading-center fusion-responsive-typography-calculated\" style=\"margin:0;--fontSize:26;line-height:1.62;\"><span class=\"--l --r sentence_highlight\">Johana Lange visit in October 2023<\/span><\/h3><\/div><div class=\"fusion-video fusion-youtube fusion-aligncenter\" style=\"--awb-max-width:1280px;--awb-max-height:720px;--awb-width:100%;--awb-margin-bottom:1%;\" data-autoplay=\"1\"><div class=\"video-shortcode\"><div class=\"fluid-width-video-wrapper\" style=\"padding-top:56.25%;\" ><iframe class=\"fusion-hidden\" data-privacy-type=\"youtube\" src=\"\" title=\"YouTube video player 1\" data-privacy-src=\"https:\/\/www.youtube.com\/embed\/vSsOMJG0Lbg?wmode=transparent&autoplay=0\" width=\"1280\" height=\"720\" allowfullscreen allow=\"autoplay; clipboard-write; encrypted-media; gyroscope; picture-in-picture;\"><\/iframe><div class=\"fusion-privacy-placeholder\" style=\"width:1280px; height:720px;\" data-privacy-type=\"youtube\"><div class=\"fusion-privacy-placeholder-content\"><div class=\"fusion-privacy-label\">For privacy reasons YouTube needs your permission to be loaded. For more details, please see our <a class=\"privacy-policy-link\" href=\"https:\/\/icc-weinfelden.ch\/privacy-policy\/\" rel=\"privacy-policy\">Privacy Policy<\/a>.<\/div><button data-privacy-type=\"youtube\" class=\"fusion-button button-default fusion-button-default-size button fusion-privacy-consent\">I Accept<\/button><\/div><\/div><\/div><\/div><\/div><div class=\"fusion-clearfix\"><\/div><\/div><\/div>\n<div class=\"fusion-layout-column fusion_builder_column fusion-builder-column-4 fusion_builder_column_1_1 1_1 fusion-one-full fusion-column-first fusion-column-last fusion-column-no-min-height\" style=\"--awb-bg-size:cover;--awb-margin-bottom:0px;\"><div class=\"fusion-column-wrapper fusion-flex-column-wrapper-legacy\"><div class=\"fusion-slider-sc fusion-flexslider-loading flexslider fusion-aligncenter flexslider-hover-type-none\" data-slideshow_autoplay=\"1\" data-slideshow_smooth_height=\"0\" data-slideshow_speed=\"3700\" style=\"max-width:600px;height:100%;\"><ul class=\"slides\"><li class=\"image\"><span class=\"fusion-image-hover-element hover-type-none\"><img decoding=\"async\" src=\"https:\/\/icc-weinfelden.ch\/wp-content\/uploads\/2020\/05\/11-2014-Besuch-vor-Ort-verkleinert.jpg\" width=\"1311\" height=\"800\" class=\"wp-image-578\" srcset=\"https:\/\/icc-weinfelden.ch\/wp-content\/uploads\/2020\/05\/11-2014-Besuch-vor-Ort-verkleinert-200x122.jpg 200w, https:\/\/icc-weinfelden.ch\/wp-content\/uploads\/2020\/05\/11-2014-Besuch-vor-Ort-verkleinert-400x244.jpg 400w, https:\/\/icc-weinfelden.ch\/wp-content\/uploads\/2020\/05\/11-2014-Besuch-vor-Ort-verkleinert-600x366.jpg 600w, https:\/\/icc-weinfelden.ch\/wp-content\/uploads\/2020\/05\/11-2014-Besuch-vor-Ort-verkleinert-800x488.jpg 800w, https:\/\/icc-weinfelden.ch\/wp-content\/uploads\/2020\/05\/11-2014-Besuch-vor-Ort-verkleinert-1200x732.jpg 1200w, https:\/\/icc-weinfelden.ch\/wp-content\/uploads\/2020\/05\/11-2014-Besuch-vor-Ort-verkleinert.jpg 1311w\" sizes=\"(max-width: 800px) 100vw, 1311px\" \/><\/span><\/li><li class=\"image\"><span class=\"fusion-image-hover-element hover-type-none\"><img decoding=\"async\" src=\"https:\/\/icc-weinfelden.ch\/wp-content\/uploads\/2020\/05\/11-Caracoles-verkleinert-2.jpg\" width=\"1311\" height=\"800\" class=\"wp-image-581\" srcset=\"https:\/\/icc-weinfelden.ch\/wp-content\/uploads\/2020\/05\/11-Caracoles-verkleinert-2-200x122.jpg 200w, https:\/\/icc-weinfelden.ch\/wp-content\/uploads\/2020\/05\/11-Caracoles-verkleinert-2-400x244.jpg 400w, https:\/\/icc-weinfelden.ch\/wp-content\/uploads\/2020\/05\/11-Caracoles-verkleinert-2-600x366.jpg 600w, https:\/\/icc-weinfelden.ch\/wp-content\/uploads\/2020\/05\/11-Caracoles-verkleinert-2-800x488.jpg 800w, https:\/\/icc-weinfelden.ch\/wp-content\/uploads\/2020\/05\/11-Caracoles-verkleinert-2-1200x732.jpg 1200w, https:\/\/icc-weinfelden.ch\/wp-content\/uploads\/2020\/05\/11-Caracoles-verkleinert-2.jpg 1311w\" sizes=\"(max-width: 800px) 100vw, 1311px\" \/><\/span><\/li><li class=\"image\"><span class=\"fusion-image-hover-element hover-type-none\"><img decoding=\"async\" src=\"https:\/\/icc-weinfelden.ch\/wp-content\/uploads\/2020\/05\/11-Caracoles-verkleinert.jpg\" width=\"1311\" height=\"800\" class=\"wp-image-584\" srcset=\"https:\/\/icc-weinfelden.ch\/wp-content\/uploads\/2020\/05\/11-Caracoles-verkleinert-200x122.jpg 200w, https:\/\/icc-weinfelden.ch\/wp-content\/uploads\/2020\/05\/11-Caracoles-verkleinert-400x244.jpg 400w, https:\/\/icc-weinfelden.ch\/wp-content\/uploads\/2020\/05\/11-Caracoles-verkleinert-600x366.jpg 600w, https:\/\/icc-weinfelden.ch\/wp-content\/uploads\/2020\/05\/11-Caracoles-verkleinert-800x488.jpg 800w, https:\/\/icc-weinfelden.ch\/wp-content\/uploads\/2020\/05\/11-Caracoles-verkleinert-1200x732.jpg 1200w, https:\/\/icc-weinfelden.ch\/wp-content\/uploads\/2020\/05\/11-Caracoles-verkleinert.jpg 1311w\" sizes=\"(max-width: 800px) 100vw, 1311px\" \/><\/span><\/li><li class=\"image\"><span class=\"fusion-image-hover-element hover-type-none\"><img decoding=\"async\" src=\"https:\/\/icc-weinfelden.ch\/wp-content\/uploads\/2020\/05\/11-Gruppenfoto-Juli-2019.jpg\" width=\"1311\" height=\"800\" class=\"wp-image-587\" srcset=\"https:\/\/icc-weinfelden.ch\/wp-content\/uploads\/2020\/05\/11-Gruppenfoto-Juli-2019-200x122.jpg 200w, https:\/\/icc-weinfelden.ch\/wp-content\/uploads\/2020\/05\/11-Gruppenfoto-Juli-2019-400x244.jpg 400w, https:\/\/icc-weinfelden.ch\/wp-content\/uploads\/2020\/05\/11-Gruppenfoto-Juli-2019-600x366.jpg 600w, https:\/\/icc-weinfelden.ch\/wp-content\/uploads\/2020\/05\/11-Gruppenfoto-Juli-2019-800x488.jpg 800w, https:\/\/icc-weinfelden.ch\/wp-content\/uploads\/2020\/05\/11-Gruppenfoto-Juli-2019-1200x732.jpg 1200w, https:\/\/icc-weinfelden.ch\/wp-content\/uploads\/2020\/05\/11-Gruppenfoto-Juli-2019.jpg 1311w\" sizes=\"(max-width: 800px) 100vw, 1311px\" \/><\/span><\/li><li class=\"image\"><span class=\"fusion-image-hover-element hover-type-none\"><img decoding=\"async\" src=\"https:\/\/icc-weinfelden.ch\/wp-content\/uploads\/2020\/05\/11-Kinder-mit-Johana-Lange.jpg\" width=\"1311\" height=\"800\" class=\"wp-image-590\" srcset=\"https:\/\/icc-weinfelden.ch\/wp-content\/uploads\/2020\/05\/11-Kinder-mit-Johana-Lange-200x122.jpg 200w, https:\/\/icc-weinfelden.ch\/wp-content\/uploads\/2020\/05\/11-Kinder-mit-Johana-Lange-400x244.jpg 400w, https:\/\/icc-weinfelden.ch\/wp-content\/uploads\/2020\/05\/11-Kinder-mit-Johana-Lange-600x366.jpg 600w, https:\/\/icc-weinfelden.ch\/wp-content\/uploads\/2020\/05\/11-Kinder-mit-Johana-Lange-800x488.jpg 800w, https:\/\/icc-weinfelden.ch\/wp-content\/uploads\/2020\/05\/11-Kinder-mit-Johana-Lange-1200x732.jpg 1200w, https:\/\/icc-weinfelden.ch\/wp-content\/uploads\/2020\/05\/11-Kinder-mit-Johana-Lange.jpg 1311w\" sizes=\"(max-width: 800px) 100vw, 1311px\" \/><\/span><\/li><\/ul><\/div><div class=\"fusion-text fusion-text-2\"><p align=\"center\">Initially, the services of the Church and social aid and in reinforcement of tasks, were carried out outdoors and in emergency shelters until the completion of an own building.<\/p>\n<p align=\"center\">Today, two church services are held each week on Thursday and Sunday afternoons.<\/p>\n<p align=\"center\">Due to poverty, since mid 2013 a free lunch is offered daily from Monday to Friday to children living in the urban settlement area of Caracoles and they are subsequently attended in reinforcement of school work.<\/p>\n<p align=\"center\">The majority of the neighborhood is made up of low-income families, displaced by the country&#8217;s violence, and women heads of household.<\/p>\n<\/div><div class=\"fusion-clearfix\"><\/div><\/div><\/div><\/div><\/div><div class=\"fusion-fullwidth fullwidth-box fusion-builder-row-5 has-pattern-background has-mask-background nonhundred-percent-fullwidth non-hundred-percent-height-scrolling\" style=\"--awb-background-position:left top;--awb-border-sizes-top:0px;--awb-border-sizes-bottom:0px;--awb-border-sizes-left:0px;--awb-border-sizes-right:0px;--awb-border-radius-top-left:0px;--awb-border-radius-top-right:0px;--awb-border-radius-bottom-right:0px;--awb-border-radius-bottom-left:0px;--awb-padding-top:0%;--awb-padding-right:4%;--awb-padding-bottom:3%;--awb-padding-left:4%;--awb-flex-wrap:wrap;\" ><div class=\"fusion-builder-row fusion-row\"><div class=\"fusion-layout-column fusion_builder_column fusion-builder-column-5 fusion_builder_column_1_3 1_3 fusion-one-third fusion-column-first\" style=\"--awb-bg-size:cover;width:33.333333333333%;width:calc(33.333333333333% - ( ( 4% + 4% ) * 0.33333333333333 ) );margin-right: 4%;\"><div class=\"fusion-column-wrapper fusion-column-has-shadow fusion-flex-column-wrapper-legacy\"><div class=\"fusion-image-element in-legacy-container\" style=\"--awb-caption-title-font-family:var(--h2_typography-font-family);--awb-caption-title-font-weight:var(--h2_typography-font-weight);--awb-caption-title-font-style:var(--h2_typography-font-style);--awb-caption-title-size:var(--h2_typography-font-size);--awb-caption-title-transform:var(--h2_typography-text-transform);--awb-caption-title-line-height:var(--h2_typography-line-height);--awb-caption-title-letter-spacing:var(--h2_typography-letter-spacing);\"><span class=\" fusion-imageframe imageframe-none imageframe-1 hover-type-none\"><img decoding=\"async\" width=\"1600\" height=\"1202\" title=\"2022 Dios les bendiga\" src=\"https:\/\/icc-weinfelden.ch\/wp-content\/uploads\/2022\/12\/2022-Dios-les-bendiga.jpg\" alt class=\"img-responsive wp-image-3407\" srcset=\"https:\/\/icc-weinfelden.ch\/wp-content\/uploads\/2022\/12\/2022-Dios-les-bendiga-200x150.jpg 200w, https:\/\/icc-weinfelden.ch\/wp-content\/uploads\/2022\/12\/2022-Dios-les-bendiga-400x301.jpg 400w, https:\/\/icc-weinfelden.ch\/wp-content\/uploads\/2022\/12\/2022-Dios-les-bendiga-600x451.jpg 600w, https:\/\/icc-weinfelden.ch\/wp-content\/uploads\/2022\/12\/2022-Dios-les-bendiga-800x601.jpg 800w, https:\/\/icc-weinfelden.ch\/wp-content\/uploads\/2022\/12\/2022-Dios-les-bendiga-1200x902.jpg 1200w, https:\/\/icc-weinfelden.ch\/wp-content\/uploads\/2022\/12\/2022-Dios-les-bendiga.jpg 1600w\" sizes=\"(max-width: 800px) 100vw, 400px\" \/><\/span><\/div><div class=\"fusion-clearfix\"><\/div><\/div><\/div><div class=\"fusion-layout-column fusion_builder_column fusion-builder-column-6 fusion_builder_column_1_3 1_3 fusion-one-third\" style=\"--awb-bg-size:cover;width:33.333333333333%;width:calc(33.333333333333% - ( ( 4% + 4% ) * 0.33333333333333 ) );margin-right: 4%;\"><div class=\"fusion-column-wrapper fusion-column-has-shadow fusion-flex-column-wrapper-legacy\"><div class=\"fusion-image-element in-legacy-container\" style=\"--awb-caption-title-font-family:var(--h2_typography-font-family);--awb-caption-title-font-weight:var(--h2_typography-font-weight);--awb-caption-title-font-style:var(--h2_typography-font-style);--awb-caption-title-size:var(--h2_typography-font-size);--awb-caption-title-transform:var(--h2_typography-text-transform);--awb-caption-title-line-height:var(--h2_typography-line-height);--awb-caption-title-letter-spacing:var(--h2_typography-letter-spacing);\"><span class=\" fusion-imageframe imageframe-none imageframe-2 hover-type-none\"><img decoding=\"async\" width=\"1200\" height=\"1600\" title=\"2022 certifica\" src=\"https:\/\/icc-weinfelden.ch\/wp-content\/uploads\/2022\/12\/2022-certifica.jpg\" alt class=\"img-responsive wp-image-3410\" srcset=\"https:\/\/icc-weinfelden.ch\/wp-content\/uploads\/2022\/12\/2022-certifica-200x267.jpg 200w, https:\/\/icc-weinfelden.ch\/wp-content\/uploads\/2022\/12\/2022-certifica-400x533.jpg 400w, https:\/\/icc-weinfelden.ch\/wp-content\/uploads\/2022\/12\/2022-certifica-600x800.jpg 600w, https:\/\/icc-weinfelden.ch\/wp-content\/uploads\/2022\/12\/2022-certifica-800x1067.jpg 800w, https:\/\/icc-weinfelden.ch\/wp-content\/uploads\/2022\/12\/2022-certifica.jpg 1200w\" sizes=\"(max-width: 800px) 100vw, 400px\" \/><\/span><\/div><div class=\"fusion-clearfix\"><\/div><\/div><\/div><div class=\"fusion-layout-column fusion_builder_column fusion-builder-column-7 fusion_builder_column_1_3 1_3 fusion-one-third fusion-column-last\" style=\"--awb-bg-size:cover;width:33.333333333333%;width:calc(33.333333333333% - ( ( 4% + 4% ) * 0.33333333333333 ) );\"><div class=\"fusion-column-wrapper fusion-column-has-shadow fusion-flex-column-wrapper-legacy\"><div class=\"fusion-image-element in-legacy-container\" style=\"--awb-caption-title-font-family:var(--h2_typography-font-family);--awb-caption-title-font-weight:var(--h2_typography-font-weight);--awb-caption-title-font-style:var(--h2_typography-font-style);--awb-caption-title-size:var(--h2_typography-font-size);--awb-caption-title-transform:var(--h2_typography-text-transform);--awb-caption-title-line-height:var(--h2_typography-line-height);--awb-caption-title-letter-spacing:var(--h2_typography-letter-spacing);\"><span class=\" fusion-imageframe imageframe-none imageframe-3 hover-type-none\"><img decoding=\"async\" width=\"1600\" height=\"1200\" title=\"2022 Navidad &#8211; Weihnachten\" src=\"https:\/\/icc-weinfelden.ch\/wp-content\/uploads\/2022\/12\/2022-Navidad-Weihnachten.jpg\" alt class=\"img-responsive wp-image-3404\" srcset=\"https:\/\/icc-weinfelden.ch\/wp-content\/uploads\/2022\/12\/2022-Navidad-Weihnachten-200x150.jpg 200w, https:\/\/icc-weinfelden.ch\/wp-content\/uploads\/2022\/12\/2022-Navidad-Weihnachten-400x300.jpg 400w, https:\/\/icc-weinfelden.ch\/wp-content\/uploads\/2022\/12\/2022-Navidad-Weihnachten-600x450.jpg 600w, https:\/\/icc-weinfelden.ch\/wp-content\/uploads\/2022\/12\/2022-Navidad-Weihnachten-800x600.jpg 800w, https:\/\/icc-weinfelden.ch\/wp-content\/uploads\/2022\/12\/2022-Navidad-Weihnachten-1200x900.jpg 1200w, https:\/\/icc-weinfelden.ch\/wp-content\/uploads\/2022\/12\/2022-Navidad-Weihnachten.jpg 1600w\" sizes=\"(max-width: 800px) 100vw, 400px\" \/><\/span><\/div><div class=\"fusion-clearfix\"><\/div><\/div><\/div><div class=\"fusion-layout-column fusion_builder_column fusion-builder-column-8 fusion_builder_column_1_1 1_1 fusion-one-full fusion-column-first fusion-column-last fusion-column-no-min-height\" style=\"--awb-bg-size:cover;--awb-margin-bottom:0px;\"><div class=\"fusion-column-wrapper fusion-flex-column-wrapper-legacy\"><div class=\"fusion-sep-clear\"><\/div><div class=\"fusion-separator fusion-full-width-sep\" style=\"margin-left: auto;margin-right: auto;margin-top:2%;margin-bottom:2%;width:100%;\"><\/div><div class=\"fusion-sep-clear\"><\/div><div class=\"fusion-video fusion-selfhosted-video\" style=\"max-width:100%;\"><div class=\"video-wrapper\"><video playsinline=\"true\" width=\"100%\" style=\"object-fit: cover;\" muted=\"true\" preload=\"auto\" controls=\"1\"><source src=\"https:\/\/icc-weinfelden.ch\/wp-content\/uploads\/2022\/12\/2022-Navidad-Weihnachten.mp4\" type=\"video\/mp4\">Sorry, your browser doesn&#039;t support embedded videos.<\/video><\/div><\/div><div class=\"fusion-sep-clear\"><\/div><div class=\"fusion-separator fusion-full-width-sep\" style=\"margin-left: auto;margin-right: auto;margin-top:2%;margin-bottom:2%;width:100%;\"><\/div><div class=\"fusion-sep-clear\"><\/div><div class=\"fusion-video fusion-selfhosted-video\" style=\"max-width:100%;\"><div class=\"video-wrapper\"><video playsinline=\"true\" width=\"100%\" style=\"object-fit: cover;\" muted=\"true\" preload=\"auto\" controls=\"1\"><source src=\"https:\/\/icc-weinfelden.ch\/wp-content\/uploads\/2022\/12\/2022-recibir-un-regalo-de-navidad.mp4\" type=\"video\/mp4\">Sorry, your browser doesn&#039;t support embedded videos.<\/video><\/div><\/div><div class=\"fusion-sep-clear\"><\/div><div class=\"fusion-separator fusion-full-width-sep\" style=\"margin-left: auto;margin-right: auto;margin-top:2%;margin-bottom:2%;width:100%;\"><\/div><div class=\"fusion-sep-clear\"><\/div><div class=\"fusion-video fusion-youtube fusion-aligncenter\" style=\"--awb-max-width:1920px;--awb-max-height:1080px;--awb-width:100%;\"><div class=\"video-shortcode\"><div class=\"fluid-width-video-wrapper\" style=\"padding-top:56.25%;\" ><iframe class=\"fusion-hidden\" data-privacy-type=\"youtube\" src=\"\" title=\"YouTube video player 2\" data-privacy-src=\"https:\/\/www.youtube.com\/embed\/wUbGTXC-n8o?wmode=transparent&autoplay=0\" width=\"1920\" height=\"1080\" allowfullscreen allow=\"autoplay; clipboard-write; encrypted-media; gyroscope; picture-in-picture;\"><\/iframe><div class=\"fusion-privacy-placeholder\" style=\"width:1920px; height:1080px;\" data-privacy-type=\"youtube\"><div class=\"fusion-privacy-placeholder-content\"><div class=\"fusion-privacy-label\">For privacy reasons YouTube needs your permission to be loaded. For more details, please see our <a class=\"privacy-policy-link\" href=\"https:\/\/icc-weinfelden.ch\/privacy-policy\/\" rel=\"privacy-policy\">Privacy Policy<\/a>.<\/div><button data-privacy-type=\"youtube\" class=\"fusion-button button-default fusion-button-default-size button fusion-privacy-consent\">I Accept<\/button><\/div><\/div><\/div><\/div><\/div><div class=\"fusion-clearfix\"><\/div><\/div><\/div><\/div><\/div>\n<div class=\"fusion-fullwidth fullwidth-box fusion-builder-row-6 hundred-percent-fullwidth non-hundred-percent-height-scrolling fusion-equal-height-columns\" style=\"--awb-background-position:left top;--awb-border-sizes-top:0px;--awb-border-sizes-bottom:0px;--awb-border-sizes-left:0px;--awb-border-sizes-right:0px;--awb-border-radius-top-left:0px;--awb-border-radius-top-right:0px;--awb-border-radius-bottom-right:0px;--awb-border-radius-bottom-left:0px;--awb-padding-top:0px;--awb-padding-right:0px;--awb-padding-bottom:0px;--awb-padding-left:0px;--awb-flex-wrap:wrap;\" ><div class=\"fusion-builder-row fusion-row\"><div class=\"fusion-layout-column fusion_builder_column fusion-builder-column-9 fusion_builder_column_1_2 1_2 fusion-one-half fusion-column-first\" style=\"--awb-padding-top:15%;--awb-padding-right:15%;--awb-padding-bottom:15%;--awb-padding-left:15%;--awb-bg-color:#ececec;--awb-bg-color-hover:#ececec;--awb-bg-size:cover;\"><div class=\"fusion-column-wrapper fusion-flex-column-wrapper-legacy\"><div class=\"fusion-column-content-centered\"><div class=\"fusion-column-content\"><div class=\"fusion-title title fusion-title-3 fusion-sep-none fusion-title-center fusion-title-text fusion-title-size-three\" style=\"--awb-text-color:#000000;--awb-margin-top-small:10px;--awb-margin-right-small:0px;--awb-margin-bottom-small:10px;--awb-margin-left-small:0px;\"><h3 class=\"fusion-title-heading title-heading-center fusion-responsive-typography-calculated\" style=\"margin:0;--fontSize:26;line-height:1.62;\">&#8220;Nueva Ilusi\u00f3n&#8221;<\/h3><\/div><div class=\"fusion-text fusion-text-3\"><p>When Johana Lange was in C\u00facuta, Colombia in 2017 to visit the Caracoles Project, an evangelization with her took place, organized by pastor Liliana Anaya and pastor Diego Neves from the Centro Cristiano Tucunar\u00e9 congregation. There was born God&#8217;s dream &#8220;Nueva Ilusi\u00f3n&#8221;, which like the Caracoles Project, seeks to develop a children&#8217;s canteen that can provide comprehensive assistance to children and families in the area, as well as develop the church in neighborhood.<\/p>\n<p>Since 2017 we have been supporting this project within the scope of our possibilities. A new building was constructed here, which was <strong>inaugurated on 24 October 2020<\/strong>. The complete construction of the building was made possible by the generosity of a Swiss family.<\/p>\n<\/div><\/div><\/div><div class=\"fusion-clearfix\"><\/div><\/div><\/div><div class=\"fusion-layout-column fusion_builder_column fusion-builder-column-10 fusion_builder_column_1_2 1_2 fusion-one-half fusion-column-last\" style=\"--awb-padding-top:100px;--awb-padding-bottom:100px;--awb-bg-image:url(&#039;https:\/\/test.icc-weinfelden.ch\/wp-content\/uploads\/2020\/03\/Ilusion.jpg&#039;);--awb-bg-position:center center;--awb-bg-size:cover;\"><div class=\"fusion-column-wrapper fusion-column-has-shadow fusion-flex-column-wrapper-legacy fusion-column-has-bg-image\" data-bg-url=\"https:\/\/test.icc-weinfelden.ch\/wp-content\/uploads\/2020\/03\/Ilusion.jpg\"><div class=\"fusion-column-content-centered\"><div class=\"fusion-column-content\"><div class=\"fusion-slider-sc fusion-flexslider-loading flexslider fusion-aligncenter flexslider-hover-type-none\" data-slideshow_autoplay=\"1\" data-slideshow_smooth_height=\"0\" data-slideshow_speed=\"3700\" style=\"max-width:600px;height:100%;\"><ul class=\"slides\"><li class=\"image\"><span class=\"fusion-image-hover-element hover-type-none\"><img decoding=\"async\" src=\"https:\/\/icc-weinfelden.ch\/wp-content\/uploads\/2020\/11\/Inauguraci\u00f3n_Nueva_Ilusion_octubre_2020_1.jpg\" width=\"960\" height=\"720\" class=\"wp-image-986\" srcset=\"https:\/\/icc-weinfelden.ch\/wp-content\/uploads\/2020\/11\/Inauguraci\u00f3n_Nueva_Ilusion_octubre_2020_1-200x150.jpg 200w, https:\/\/icc-weinfelden.ch\/wp-content\/uploads\/2020\/11\/Inauguraci\u00f3n_Nueva_Ilusion_octubre_2020_1-400x300.jpg 400w, https:\/\/icc-weinfelden.ch\/wp-content\/uploads\/2020\/11\/Inauguraci\u00f3n_Nueva_Ilusion_octubre_2020_1-600x450.jpg 600w, https:\/\/icc-weinfelden.ch\/wp-content\/uploads\/2020\/11\/Inauguraci\u00f3n_Nueva_Ilusion_octubre_2020_1-800x600.jpg 800w, https:\/\/icc-weinfelden.ch\/wp-content\/uploads\/2020\/11\/Inauguraci\u00f3n_Nueva_Ilusion_octubre_2020_1.jpg 960w\" sizes=\"(max-width: 800px) 100vw, 800px\" \/><\/span><\/li><li class=\"image\"><span class=\"fusion-image-hover-element hover-type-none\"><img decoding=\"async\" src=\"https:\/\/icc-weinfelden.ch\/wp-content\/uploads\/2020\/11\/Inauguraci\u00f3n_Nueva_Ilusion_octubre_2020_2.jpg\" width=\"960\" height=\"720\" class=\"wp-image-989\" srcset=\"https:\/\/icc-weinfelden.ch\/wp-content\/uploads\/2020\/11\/Inauguraci\u00f3n_Nueva_Ilusion_octubre_2020_2-200x150.jpg 200w, https:\/\/icc-weinfelden.ch\/wp-content\/uploads\/2020\/11\/Inauguraci\u00f3n_Nueva_Ilusion_octubre_2020_2-400x300.jpg 400w, https:\/\/icc-weinfelden.ch\/wp-content\/uploads\/2020\/11\/Inauguraci\u00f3n_Nueva_Ilusion_octubre_2020_2-600x450.jpg 600w, https:\/\/icc-weinfelden.ch\/wp-content\/uploads\/2020\/11\/Inauguraci\u00f3n_Nueva_Ilusion_octubre_2020_2-800x600.jpg 800w, https:\/\/icc-weinfelden.ch\/wp-content\/uploads\/2020\/11\/Inauguraci\u00f3n_Nueva_Ilusion_octubre_2020_2.jpg 960w\" sizes=\"(max-width: 800px) 100vw, 800px\" \/><\/span><\/li><li class=\"image\"><span class=\"fusion-image-hover-element hover-type-none\"><img decoding=\"async\" src=\"https:\/\/icc-weinfelden.ch\/wp-content\/uploads\/2020\/11\/Inauguraci\u00f3n_Nueva_Ilusion_octubre_2020_3.jpg\" width=\"960\" height=\"720\" class=\"wp-image-992\" srcset=\"https:\/\/icc-weinfelden.ch\/wp-content\/uploads\/2020\/11\/Inauguraci\u00f3n_Nueva_Ilusion_octubre_2020_3-200x150.jpg 200w, https:\/\/icc-weinfelden.ch\/wp-content\/uploads\/2020\/11\/Inauguraci\u00f3n_Nueva_Ilusion_octubre_2020_3-400x300.jpg 400w, https:\/\/icc-weinfelden.ch\/wp-content\/uploads\/2020\/11\/Inauguraci\u00f3n_Nueva_Ilusion_octubre_2020_3-600x450.jpg 600w, https:\/\/icc-weinfelden.ch\/wp-content\/uploads\/2020\/11\/Inauguraci\u00f3n_Nueva_Ilusion_octubre_2020_3-800x600.jpg 800w, https:\/\/icc-weinfelden.ch\/wp-content\/uploads\/2020\/11\/Inauguraci\u00f3n_Nueva_Ilusion_octubre_2020_3.jpg 960w\" sizes=\"(max-width: 800px) 100vw, 800px\" \/><\/span><\/li><li class=\"image\"><span class=\"fusion-image-hover-element hover-type-none\"><img decoding=\"async\" src=\"https:\/\/icc-weinfelden.ch\/wp-content\/uploads\/2020\/11\/Inauguraci\u00f3n_Nueva_Ilusion_octubre_2020_4.jpg\" width=\"1280\" height=\"960\" class=\"wp-image-995\" srcset=\"https:\/\/icc-weinfelden.ch\/wp-content\/uploads\/2020\/11\/Inauguraci\u00f3n_Nueva_Ilusion_octubre_2020_4-200x150.jpg 200w, https:\/\/icc-weinfelden.ch\/wp-content\/uploads\/2020\/11\/Inauguraci\u00f3n_Nueva_Ilusion_octubre_2020_4-400x300.jpg 400w, https:\/\/icc-weinfelden.ch\/wp-content\/uploads\/2020\/11\/Inauguraci\u00f3n_Nueva_Ilusion_octubre_2020_4-600x450.jpg 600w, https:\/\/icc-weinfelden.ch\/wp-content\/uploads\/2020\/11\/Inauguraci\u00f3n_Nueva_Ilusion_octubre_2020_4-800x600.jpg 800w, https:\/\/icc-weinfelden.ch\/wp-content\/uploads\/2020\/11\/Inauguraci\u00f3n_Nueva_Ilusion_octubre_2020_4-1200x900.jpg 1200w, https:\/\/icc-weinfelden.ch\/wp-content\/uploads\/2020\/11\/Inauguraci\u00f3n_Nueva_Ilusion_octubre_2020_4.jpg 1280w\" sizes=\"(max-width: 800px) 100vw, 800px\" \/><\/span><\/li><li class=\"image\"><span class=\"fusion-image-hover-element hover-type-none\"><img decoding=\"async\" src=\"https:\/\/icc-weinfelden.ch\/wp-content\/uploads\/2020\/11\/Inauguraci\u00f3n_Nueva_Ilusion_octubre_2020_5.jpg\" width=\"960\" height=\"720\" class=\"wp-image-998\" srcset=\"https:\/\/icc-weinfelden.ch\/wp-content\/uploads\/2020\/11\/Inauguraci\u00f3n_Nueva_Ilusion_octubre_2020_5-200x150.jpg 200w, https:\/\/icc-weinfelden.ch\/wp-content\/uploads\/2020\/11\/Inauguraci\u00f3n_Nueva_Ilusion_octubre_2020_5-400x300.jpg 400w, https:\/\/icc-weinfelden.ch\/wp-content\/uploads\/2020\/11\/Inauguraci\u00f3n_Nueva_Ilusion_octubre_2020_5-600x450.jpg 600w, https:\/\/icc-weinfelden.ch\/wp-content\/uploads\/2020\/11\/Inauguraci\u00f3n_Nueva_Ilusion_octubre_2020_5-800x600.jpg 800w, https:\/\/icc-weinfelden.ch\/wp-content\/uploads\/2020\/11\/Inauguraci\u00f3n_Nueva_Ilusion_octubre_2020_5.jpg 960w\" sizes=\"(max-width: 800px) 100vw, 800px\" \/><\/span><\/li><li class=\"image\"><span class=\"fusion-image-hover-element hover-type-none\"><img decoding=\"async\" src=\"https:\/\/icc-weinfelden.ch\/wp-content\/uploads\/2020\/11\/Inauguraci\u00f3n_Nueva_Ilusion_octubre_2020_6.jpg\" width=\"1040\" height=\"585\" class=\"wp-image-1001\" srcset=\"https:\/\/icc-weinfelden.ch\/wp-content\/uploads\/2020\/11\/Inauguraci\u00f3n_Nueva_Ilusion_octubre_2020_6-200x113.jpg 200w, https:\/\/icc-weinfelden.ch\/wp-content\/uploads\/2020\/11\/Inauguraci\u00f3n_Nueva_Ilusion_octubre_2020_6-400x225.jpg 400w, https:\/\/icc-weinfelden.ch\/wp-content\/uploads\/2020\/11\/Inauguraci\u00f3n_Nueva_Ilusion_octubre_2020_6-600x338.jpg 600w, https:\/\/icc-weinfelden.ch\/wp-content\/uploads\/2020\/11\/Inauguraci\u00f3n_Nueva_Ilusion_octubre_2020_6-800x450.jpg 800w, https:\/\/icc-weinfelden.ch\/wp-content\/uploads\/2020\/11\/Inauguraci\u00f3n_Nueva_Ilusion_octubre_2020_6.jpg 1040w\" sizes=\"(max-width: 800px) 100vw, 800px\" \/><\/span><\/li><li class=\"image\"><span class=\"fusion-image-hover-element hover-type-none\"><img decoding=\"async\" src=\"https:\/\/icc-weinfelden.ch\/wp-content\/uploads\/2020\/11\/Inauguraci\u00f3n_Nueva_Ilusion_octubre_2020_7.jpg\" width=\"960\" height=\"720\" class=\"wp-image-1004\" srcset=\"https:\/\/icc-weinfelden.ch\/wp-content\/uploads\/2020\/11\/Inauguraci\u00f3n_Nueva_Ilusion_octubre_2020_7-200x150.jpg 200w, https:\/\/icc-weinfelden.ch\/wp-content\/uploads\/2020\/11\/Inauguraci\u00f3n_Nueva_Ilusion_octubre_2020_7-400x300.jpg 400w, https:\/\/icc-weinfelden.ch\/wp-content\/uploads\/2020\/11\/Inauguraci\u00f3n_Nueva_Ilusion_octubre_2020_7-600x450.jpg 600w, https:\/\/icc-weinfelden.ch\/wp-content\/uploads\/2020\/11\/Inauguraci\u00f3n_Nueva_Ilusion_octubre_2020_7-800x600.jpg 800w, https:\/\/icc-weinfelden.ch\/wp-content\/uploads\/2020\/11\/Inauguraci\u00f3n_Nueva_Ilusion_octubre_2020_7.jpg 960w\" sizes=\"(max-width: 800px) 100vw, 800px\" \/><\/span><\/li><\/ul><\/div><\/div><\/div><div class=\"fusion-clearfix\"><\/div><\/div><\/div><\/div><\/div><div class=\"fusion-fullwidth fullwidth-box fusion-builder-row-7 fusion-flex-container has-pattern-background has-mask-background hundred-percent-fullwidth non-hundred-percent-height-scrolling\" style=\"--awb-background-position:left top;--awb-border-sizes-top:0px;--awb-border-sizes-bottom:0px;--awb-border-sizes-left:0px;--awb-border-sizes-right:0px;--awb-border-radius-top-left:0px;--awb-border-radius-top-right:0px;--awb-border-radius-bottom-right:0px;--awb-border-radius-bottom-left:0px;--awb-padding-top:0px;--awb-padding-right:0px;--awb-padding-bottom:0px;--awb-padding-left:0px;--awb-flex-wrap:wrap;\" ><div class=\"fusion-builder-row fusion-row fusion-flex-align-items-flex-start fusion-flex-content-wrap\" style=\"width:calc( 100% + 0px ) !important;max-width:calc( 100% + 0px ) !important;margin-left: calc(-0px \/ 2 );margin-right: calc(-0px \/ 2 );\"><div class=\"fusion-layout-column fusion_builder_column fusion-builder-column-11 fusion_builder_column_1_2 1_2 fusion-flex-column\" style=\"--awb-padding-top:15%;--awb-padding-right:15%;--awb-padding-bottom:15%;--awb-padding-left:15%;--awb-bg-color:#ececec;--awb-bg-color-hover:#ececec;--awb-bg-size:cover;--awb-width-large:50%;--awb-margin-top-large:0px;--awb-spacing-right-large:0px;--awb-margin-bottom-large:20px;--awb-spacing-left-large:0px;--awb-width-medium:100%;--awb-spacing-right-medium:0px;--awb-spacing-left-medium:0px;--awb-width-small:100%;--awb-spacing-right-small:0px;--awb-spacing-left-small:0px;\"><div class=\"fusion-column-wrapper fusion-flex-justify-content-center fusion-content-layout-column\"><div class=\"fusion-title title fusion-title-4 fusion-sep-none fusion-title-center fusion-title-text fusion-title-size-three\" style=\"--awb-text-color:#000000;--awb-margin-top-small:10px;--awb-margin-right-small:0px;--awb-margin-bottom-small:10px;--awb-margin-left-small:0px;\"><h3 class=\"fusion-title-heading title-heading-center fusion-responsive-typography-calculated\" style=\"margin:0;--fontSize:26;line-height:1.62;\">&#8220;JOS\u00c9 BERNAL&#8221;: HOPE FOR CHILDREN<\/h3><\/div><div class=\"fusion-text fusion-text-4\"><p>Following the proven concept of &#8220;Caracoles&#8221; and &#8220;Nueva Ilusi\u00f3n&#8221;, now another project is going to be realized in C\u00facuta, Colombia: &#8220;Jos\u00e9 Bernal&#8221;.<\/p>\n<p>A brief description of the neighborhood: In 2012, around 70 families from neighborhoods such as Motilones, Ospina P\u00e9rez and Toledo Plata, but also from other communities, started to settle in the west of C\u00facuta to find a roof over their heads. Little by little, this area expanded until it became one of the largest settlements in the urban area of the municipality, with about 32 hectares and the name of Jos\u00e9 Bernal.<\/p>\n<p>During the pandemic, a local team began holding meetings and outdoor activities. Later, a woman donated her house for the meetings.<\/p>\n<p>In early May 2024, we had the opportunity to receive another wonderful gift: a Swiss family made it possible for us to purchase a piece of land. The property consists of six lots with a total area of 690 square meters\u2014another important step in what God is building here. In 2026, this family took over full responsibility for financing the buildings, including key facilities. This generosity moves us deeply. Together with our friends in C\u00facuta, Colombia, we look upon this miracle with awe and gratitude. Time and again we experience that God provides, often in surprising ways. To Him alone<br \/>\nbelongs all the glory. As soon as the construction work is completed, we will gladly share photos with you.<\/p>\n<\/div><\/div><\/div><div class=\"fusion-layout-column fusion_builder_column fusion-builder-column-12 fusion_builder_column_1_2 1_2 fusion-flex-column\" style=\"--awb-padding-top:100px;--awb-padding-bottom:100px;--awb-bg-image:url(&#039;https:\/\/test.icc-weinfelden.ch\/wp-content\/uploads\/2020\/03\/Ilusion.jpg&#039;);--awb-bg-position:center center;--awb-bg-size:cover;--awb-width-large:50%;--awb-margin-top-large:0px;--awb-spacing-right-large:0px;--awb-margin-bottom-large:20px;--awb-spacing-left-large:0px;--awb-width-medium:100%;--awb-spacing-right-medium:0px;--awb-spacing-left-medium:0px;--awb-width-small:100%;--awb-spacing-right-small:0px;--awb-spacing-left-small:0px;\"><div class=\"fusion-column-wrapper fusion-column-has-shadow fusion-flex-justify-content-center fusion-content-layout-column fusion-column-has-bg-image\" data-bg-url=\"https:\/\/test.icc-weinfelden.ch\/wp-content\/uploads\/2020\/03\/Ilusion.jpg\"><div class=\"fusion-image-element\" style=\"--awb-caption-title-font-family:var(--h2_typography-font-family);--awb-caption-title-font-weight:var(--h2_typography-font-weight);--awb-caption-title-font-style:var(--h2_typography-font-style);--awb-caption-title-size:var(--h2_typography-font-size);--awb-caption-title-transform:var(--h2_typography-text-transform);--awb-caption-title-line-height:var(--h2_typography-line-height);--awb-caption-title-letter-spacing:var(--h2_typography-letter-spacing);\"><span class=\" fusion-imageframe imageframe-none imageframe-4 hover-type-none\"><img decoding=\"async\" width=\"1280\" height=\"609\" title=\"Jos\u00e9 Bernal\" src=\"https:\/\/icc-weinfelden.ch\/wp-content\/uploads\/2024\/05\/Jose-Bernal.png\" alt class=\"img-responsive wp-image-4795\" srcset=\"https:\/\/icc-weinfelden.ch\/wp-content\/uploads\/2024\/05\/Jose-Bernal-200x95.png 200w, https:\/\/icc-weinfelden.ch\/wp-content\/uploads\/2024\/05\/Jose-Bernal-400x190.png 400w, https:\/\/icc-weinfelden.ch\/wp-content\/uploads\/2024\/05\/Jose-Bernal-600x285.png 600w, https:\/\/icc-weinfelden.ch\/wp-content\/uploads\/2024\/05\/Jose-Bernal-800x381.png 800w, https:\/\/icc-weinfelden.ch\/wp-content\/uploads\/2024\/05\/Jose-Bernal-1200x571.png 1200w, https:\/\/icc-weinfelden.ch\/wp-content\/uploads\/2024\/05\/Jose-Bernal.png 1280w\" sizes=\"(max-width: 1024px) 100vw, (max-width: 640px) 100vw, 800px\" \/><\/span><\/div><\/div><\/div><\/div><\/div><div class=\"fusion-fullwidth fullwidth-box fusion-builder-row-8 nonhundred-percent-fullwidth non-hundred-percent-height-scrolling\" style=\"--awb-background-position:left top;--awb-border-sizes-top:0px;--awb-border-sizes-bottom:0px;--awb-border-sizes-left:0px;--awb-border-sizes-right:0px;--awb-border-radius-top-left:0px;--awb-border-radius-top-right:0px;--awb-border-radius-bottom-right:0px;--awb-border-radius-bottom-left:0px;--awb-padding-top:4%;--awb-padding-bottom:4%;--awb-background-color:#3e7ccc;--awb-flex-wrap:wrap;\" ><div class=\"fusion-builder-row fusion-row\"><div class=\"fusion-layout-column fusion_builder_column fusion-builder-column-13 fusion_builder_column_1_4 1_4 fusion-one-fourth fusion-column-first\" style=\"--awb-bg-size:cover;\"><div class=\"fusion-column-wrapper fusion-flex-column-wrapper-legacy\"><div class=\"fusion-sep-clear\"><\/div><div class=\"fusion-separator fusion-full-width-sep\" style=\"margin-left: auto;margin-right: auto;width:100%;\"><\/div><div class=\"fusion-sep-clear\"><\/div><div class=\"fusion-clearfix\"><\/div><\/div><\/div><div class=\"fusion-layout-column fusion_builder_column fusion-builder-column-14 fusion_builder_column_1_2 1_2 fusion-one-half\" style=\"--awb-bg-size:cover;\"><div class=\"fusion-column-wrapper fusion-flex-column-wrapper-legacy\"><div class=\"fusion-text fusion-text-5\"><h2 style=\"text-align: center;\"><span style=\"color: #ffffff;\">Would you like to help?<\/span><\/h2>\n<p style=\"text-align: center;\"><span style=\"color: #ffffff; font-weight: 300;\">Would you like to be a part of this project? Then do not hesitate and contact us without obligation. We are looking forward to you!<\/span><\/p>\n<\/div><div class=\"fusion-clearfix\"><\/div><\/div><\/div><div class=\"fusion-layout-column fusion_builder_column fusion-builder-column-15 fusion_builder_column_1_4 1_4 fusion-one-fourth fusion-column-last\" style=\"--awb-bg-size:cover;\"><div class=\"fusion-column-wrapper fusion-flex-column-wrapper-legacy\"><div class=\"fusion-sep-clear\"><\/div><div class=\"fusion-separator fusion-full-width-sep\" style=\"margin-left: auto;margin-right: auto;width:100%;\"><\/div><div class=\"fusion-sep-clear\"><\/div><div class=\"fusion-clearfix\"><\/div><\/div><\/div><div class=\"fusion-layout-column fusion_builder_column fusion-builder-column-16 fusion_builder_column_1_1 1_1 fusion-one-full fusion-column-first fusion-column-last fusion-column-no-min-height\" style=\"--awb-bg-size:cover;--awb-margin-bottom:0px;\"><div class=\"fusion-column-wrapper fusion-flex-column-wrapper-legacy\"><div class=\"fusion-sep-clear\"><\/div><div class=\"fusion-separator fusion-full-width-sep\" style=\"margin-left: auto;margin-right: auto;margin-top:5px;margin-bottom:5px;width:100%;\"><\/div><div class=\"fusion-sep-clear\"><\/div><div class=\"fusion-clearfix\"><\/div><\/div><\/div><div class=\"fusion-layout-column fusion_builder_column fusion-builder-column-17 fusion_builder_column_1_4 1_4 fusion-one-fourth fusion-column-first\" style=\"--awb-bg-size:cover;\"><div class=\"fusion-column-wrapper fusion-flex-column-wrapper-legacy\"><div class=\"fusion-sep-clear\"><\/div><div class=\"fusion-separator fusion-full-width-sep\" style=\"margin-left: auto;margin-right: auto;width:100%;\"><\/div><div class=\"fusion-sep-clear\"><\/div><div class=\"fusion-clearfix\"><\/div><\/div><\/div><div class=\"fusion-layout-column fusion_builder_column fusion-builder-column-18 fusion_builder_column_1_2 1_2 fusion-one-half\" style=\"--awb-bg-size:cover;\"><div class=\"fusion-column-wrapper fusion-flex-column-wrapper-legacy\"><div class=\"fusion-button-wrapper fusion-aligncenter\"><a class=\"fusion-button button-flat fusion-button-default-size button-lightgray fusion-button-lightgray button-1 fusion-button-default-span fusion-button-default-type\" target=\"_blank\" rel=\"noopener noreferrer\" href=\"https:\/\/icc-weinfelden.ch\/en\/contact\/\"><span class=\"fusion-button-text awb-button__text awb-button__text--default\">CONTACT<\/span><\/a><\/div><div class=\"fusion-clearfix\"><\/div><\/div><\/div><div class=\"fusion-layout-column fusion_builder_column fusion-builder-column-19 fusion_builder_column_1_4 1_4 fusion-one-fourth fusion-column-last\" style=\"--awb-bg-size:cover;\"><div class=\"fusion-column-wrapper fusion-flex-column-wrapper-legacy\"><div class=\"fusion-sep-clear\"><\/div><div class=\"fusion-separator fusion-full-width-sep\" style=\"margin-left: auto;margin-right: auto;width:100%;\"><\/div><div class=\"fusion-sep-clear\"><\/div><div class=\"fusion-clearfix\"><\/div><\/div><\/div><\/div><\/div><\/p>\n","protected":false},"excerpt":{"rendered":"","protected":false},"author":1,"featured_media":0,"parent":0,"menu_order":0,"comment_status":"closed","ping_status":"closed","template":"","meta":{"footnotes":""},"class_list":["post-423","page","type-page","status-publish","hentry"],"_links":{"self":[{"href":"https:\/\/icc-weinfelden.ch\/en\/wp-json\/wp\/v2\/pages\/423","targetHints":{"allow":["GET"]}}],"collection":[{"href":"https:\/\/icc-weinfelden.ch\/en\/wp-json\/wp\/v2\/pages"}],"about":[{"href":"https:\/\/icc-weinfelden.ch\/en\/wp-json\/wp\/v2\/types\/page"}],"author":[{"embeddable":true,"href":"https:\/\/icc-weinfelden.ch\/en\/wp-json\/wp\/v2\/users\/1"}],"replies":[{"embeddable":true,"href":"https:\/\/icc-weinfelden.ch\/en\/wp-json\/wp\/v2\/comments?post=423"}],"version-history":[{"count":19,"href":"https:\/\/icc-weinfelden.ch\/en\/wp-json\/wp\/v2\/pages\/423\/revisions"}],"predecessor-version":[{"id":6877,"href":"https:\/\/icc-weinfelden.ch\/en\/wp-json\/wp\/v2\/pages\/423\/revisions\/6877"}],"wp:attachment":[{"href":"https:\/\/icc-weinfelden.ch\/en\/wp-json\/wp\/v2\/media?parent=423"}],"curies":[{"name":"wp","href":"https:\/\/api.w.org\/{rel}","templated":true}]}}