{"id":497,"date":"2020-03-27T17:23:31","date_gmt":"2020-03-27T16:23:31","guid":{"rendered":"https:\/\/icc-weinfelden.ch\/kinderprojekte\/"},"modified":"2026-03-27T12:05:33","modified_gmt":"2026-03-27T11:05:33","slug":"proyectos-para-ninos","status":"publish","type":"page","link":"https:\/\/icc-weinfelden.ch\/es\/proyectos-para-ninos\/","title":{"rendered":"Proyectos para ni\u00f1os"},"content":{"rendered":"<p><div class=\"fusion-fullwidth fullwidth-box fusion-builder-row-1 nonhundred-percent-fullwidth non-hundred-percent-height-scrolling\" style=\"--awb-background-position:left top;--awb-border-sizes-top:0px;--awb-border-sizes-bottom:0px;--awb-border-sizes-left:0px;--awb-border-sizes-right:0px;--awb-border-radius-top-left:0px;--awb-border-radius-top-right:0px;--awb-border-radius-bottom-right:0px;--awb-border-radius-bottom-left:0px;--awb-padding-top:0%;--awb-padding-right:4%;--awb-padding-bottom:3%;--awb-padding-left:4%;--awb-flex-wrap:wrap;\" ><div class=\"fusion-builder-row fusion-row\"><div class=\"fusion-layout-column fusion_builder_column fusion-builder-column-0 fusion_builder_column_1_1 1_1 fusion-one-full fusion-column-first fusion-column-last fusion-column-no-min-height\" style=\"--awb-bg-size:cover;--awb-margin-bottom:0px;\"><div class=\"fusion-column-wrapper fusion-flex-column-wrapper-legacy\"><div class=\"fusion-text fusion-text-1\"><h2 class=\"fusion-responsive-typography-calculated\" style=\"text-align: center; --fontsize: 35; line-height: 1.29;\" data-fontsize=\"35\" data-lineheight=\"45.15px\">Colombia &#8211; Servicio de Esperanza para los ni\u00f1os<\/h2>\n<p align=\"center\">El proyecto del Comedor Infant\u00edl Caracoles, se inici\u00f3 en 2008 y se ha desarrollado gradualmente.<\/p>\n<p align=\"center\">La biblia dice en Proverbios 19:17 \u201cAjehov\u00e1 presta el que da al pobre, Y el bien que ha hecho, se lo volver\u00e1 a pagar.\u201d<\/p>\n<\/div><div class=\"fusion-clearfix\"><\/div><\/div><\/div><\/div><\/div><div class=\"fusion-fullwidth fullwidth-box fusion-builder-row-2 fusion-flex-container has-pattern-background has-mask-background nonhundred-percent-fullwidth non-hundred-percent-height-scrolling\" style=\"--awb-border-radius-top-left:0px;--awb-border-radius-top-right:0px;--awb-border-radius-bottom-right:0px;--awb-border-radius-bottom-left:0px;--awb-padding-bottom:0%;--awb-margin-bottom:0%;--awb-flex-wrap:wrap;\" ><div class=\"fusion-builder-row fusion-row fusion-flex-align-items-flex-start fusion-flex-content-wrap\" style=\"max-width:1331.2px;margin-left: calc(-4% \/ 2 );margin-right: calc(-4% \/ 2 );\"><div class=\"fusion-layout-column fusion_builder_column fusion-builder-column-1 fusion_builder_column_1_1 1_1 fusion-flex-column\" style=\"--awb-padding-bottom:0%;--awb-bg-size:cover;--awb-width-large:100%;--awb-margin-top-large:0px;--awb-spacing-right-large:1.92%;--awb-margin-bottom-large:0%;--awb-spacing-left-large:1.92%;--awb-width-medium:100%;--awb-order-medium:0;--awb-spacing-right-medium:1.92%;--awb-spacing-left-medium:1.92%;--awb-width-small:100%;--awb-order-small:0;--awb-spacing-right-small:1.92%;--awb-spacing-left-small:1.92%;\" data-scroll-devices=\"small-visibility,medium-visibility,large-visibility\"><div class=\"fusion-column-wrapper fusion-column-has-shadow fusion-flex-justify-content-flex-start fusion-content-layout-column\"><div class=\"fusion-title title fusion-title-1 fusion-sep-none fusion-title-text fusion-title-size-four\" style=\"--awb-margin-bottom:0%;--awb-margin-top-small:10px;--awb-margin-right-small:0px;--awb-margin-bottom-small:10px;--awb-margin-left-small:0px;\"><h4 class=\"fusion-title-heading title-heading-left fusion-responsive-typography-calculated\" style=\"margin:0;--fontSize:18;--minFontSize:18;line-height:1.33;\"><p style=\"text-align: left;\"><b><span lang=\"ES-CO\">Visita de los pastores Andreas y Johana Lange en abril\/mayo de 2025.<\/span><\/b><\/p><\/h4><\/div><\/div><\/div><\/div><\/div><div class=\"fusion-fullwidth fullwidth-box fusion-builder-row-3 fusion-flex-container has-pattern-background has-mask-background nonhundred-percent-fullwidth non-hundred-percent-height-scrolling\" style=\"--awb-border-radius-top-left:0px;--awb-border-radius-top-right:0px;--awb-border-radius-bottom-right:0px;--awb-border-radius-bottom-left:0px;--awb-padding-top:0%;--awb-margin-top:0%;--awb-flex-wrap:wrap;\" ><div class=\"fusion-builder-row fusion-row fusion-flex-align-items-flex-start fusion-flex-content-wrap\" style=\"max-width:1331.2px;margin-left: calc(-4% \/ 2 );margin-right: calc(-4% \/ 2 );\"><div class=\"fusion-layout-column fusion_builder_column fusion-builder-column-2 fusion_builder_column_1_1 1_1 fusion-flex-column\" style=\"--awb-padding-top:0%;--awb-bg-size:cover;--awb-width-large:100%;--awb-margin-top-large:0%;--awb-spacing-right-large:1.92%;--awb-margin-bottom-large:20px;--awb-spacing-left-large:1.92%;--awb-width-medium:100%;--awb-order-medium:0;--awb-spacing-right-medium:1.92%;--awb-spacing-left-medium:1.92%;--awb-width-small:100%;--awb-order-small:0;--awb-spacing-right-small:1.92%;--awb-spacing-left-small:1.92%;\" data-scroll-devices=\"small-visibility,medium-visibility,large-visibility\"><div class=\"fusion-column-wrapper fusion-column-has-shadow fusion-flex-justify-content-flex-start fusion-content-layout-column\"><div class=\"fusion-video fusion-selfhosted-video\" style=\"align-self:center;margin-top:0%;margin-bottom:1%;max-width:100%;\"><div class=\"video-wrapper\"><video playsinline=\"true\" width=\"100%\" style=\"object-fit: cover;\" muted=\"true\" preload=\"auto\" controls=\"1\"><source src=\"https:\/\/icc-weinfelden.ch\/wp-content\/uploads\/2025\/06\/Caracoles_ausfuehrlich_am-Schluss-kommt-noch-der-kurze-schon-bearbeitete-Teil.mp4\" type=\"video\/mp4\">Sorry, your browser doesn&#039;t support embedded videos.<\/video><\/div><\/div><div class=\"fusion-video fusion-selfhosted-video\" style=\"align-self:center;margin-top:1%;margin-bottom:1%;max-width:100%;\"><div class=\"video-wrapper\"><video playsinline=\"true\" width=\"100%\" style=\"object-fit: cover;\" muted=\"true\" preload=\"auto\" controls=\"1\"><source src=\"https:\/\/icc-weinfelden.ch\/wp-content\/uploads\/2025\/06\/Nueva-Ilusion.mp4\" type=\"video\/mp4\">Sorry, your browser doesn&#039;t support embedded videos.<\/video><\/div><\/div><div class=\"fusion-video fusion-selfhosted-video\" style=\"align-self:center;margin-top:1%;margin-bottom:1%;max-width:100%;\"><div class=\"video-wrapper\"><video playsinline=\"true\" width=\"100%\" style=\"object-fit: cover;\" muted=\"true\" preload=\"auto\" controls=\"1\"><source src=\"https:\/\/icc-weinfelden.ch\/wp-content\/uploads\/2025\/06\/Jose-Bernal.mp4\" type=\"video\/mp4\">Sorry, your browser doesn&#039;t support embedded videos.<\/video><\/div><\/div><\/div><\/div><\/div><\/div>\n<div class=\"fusion-fullwidth fullwidth-box fusion-builder-row-4 nonhundred-percent-fullwidth non-hundred-percent-height-scrolling\" style=\"--awb-background-position:left top;--awb-border-sizes-top:0px;--awb-border-sizes-bottom:0px;--awb-border-sizes-left:0px;--awb-border-sizes-right:0px;--awb-border-radius-top-left:0px;--awb-border-radius-top-right:0px;--awb-border-radius-bottom-right:0px;--awb-border-radius-bottom-left:0px;--awb-padding-top:0%;--awb-padding-right:4%;--awb-padding-bottom:3%;--awb-padding-left:4%;--awb-flex-wrap:wrap;\" ><div class=\"fusion-builder-row fusion-row\"><div class=\"fusion-layout-column fusion_builder_column fusion-builder-column-3 fusion_builder_column_1_1 1_1 fusion-one-full fusion-column-first fusion-column-last\" style=\"--awb-bg-blend:overlay;--awb-bg-size:cover;--awb-margin-top:1%;--awb-margin-bottom:1%;\" data-scroll-devices=\"small-visibility,medium-visibility,large-visibility\"><div class=\"fusion-column-wrapper fusion-column-has-shadow fusion-flex-column-wrapper-legacy\"><div class=\"fusion-title title fusion-title-2 fusion-sep-none fusion-title-center fusion-title-text fusion-title-size-three\" style=\"--awb-text-color:var(--awb-custom18);--awb-margin-top-small:10px;--awb-margin-right-small:0px;--awb-margin-bottom-small:10px;--awb-margin-left-small:0px;\"><h3 class=\"fusion-title-heading title-heading-center fusion-responsive-typography-calculated\" style=\"margin:0;--fontSize:26;line-height:1.62;\"><span class=\"--l --r sentence_highlight\">Visita de Johana Lange en octubre de 2023<\/span><\/h3><\/div><div class=\"fusion-video fusion-youtube fusion-aligncenter\" style=\"--awb-max-width:1280px;--awb-max-height:720px;--awb-width:100%;--awb-margin-bottom:1%;\" data-autoplay=\"1\"><div class=\"video-shortcode\"><div class=\"fluid-width-video-wrapper\" style=\"padding-top:56.25%;\" ><iframe class=\"fusion-hidden\" data-privacy-type=\"youtube\" src=\"\" title=\"YouTube video player 1\" data-privacy-src=\"https:\/\/www.youtube.com\/embed\/vSsOMJG0Lbg?wmode=transparent&autoplay=0\" width=\"1280\" height=\"720\" allowfullscreen allow=\"autoplay; clipboard-write; encrypted-media; gyroscope; picture-in-picture;\"><\/iframe><div class=\"fusion-privacy-placeholder\" style=\"width:1280px; height:720px;\" data-privacy-type=\"youtube\"><div class=\"fusion-privacy-placeholder-content\"><div class=\"fusion-privacy-label\">For privacy reasons YouTube needs your permission to be loaded. For more details, please see our <a class=\"privacy-policy-link\" href=\"https:\/\/icc-weinfelden.ch\/privacy-policy\/\" rel=\"privacy-policy\">Privacy Policy<\/a>.<\/div><button data-privacy-type=\"youtube\" class=\"fusion-button button-default fusion-button-default-size button fusion-privacy-consent\">I Accept<\/button><\/div><\/div><\/div><\/div><\/div><div class=\"fusion-clearfix\"><\/div><\/div><\/div>\n<div class=\"fusion-layout-column fusion_builder_column fusion-builder-column-4 fusion_builder_column_1_1 1_1 fusion-one-full fusion-column-first fusion-column-last fusion-column-no-min-height\" style=\"--awb-bg-size:cover;--awb-margin-bottom:0px;\"><div class=\"fusion-column-wrapper fusion-flex-column-wrapper-legacy\"><div class=\"fusion-slider-sc fusion-flexslider-loading flexslider fusion-aligncenter flexslider-hover-type-none\" data-slideshow_autoplay=\"1\" data-slideshow_smooth_height=\"0\" data-slideshow_speed=\"3700\" style=\"max-width:600px;height:100%;\"><ul class=\"slides\"><li class=\"image\"><span class=\"fusion-image-hover-element hover-type-none\"><img decoding=\"async\" src=\"https:\/\/icc-weinfelden.ch\/wp-content\/uploads\/2020\/05\/11-2014-Besuch-vor-Ort-verkleinert.jpg\" width=\"1311\" height=\"800\" class=\"wp-image-579\" srcset=\"https:\/\/icc-weinfelden.ch\/wp-content\/uploads\/2020\/05\/11-2014-Besuch-vor-Ort-verkleinert-200x122.jpg 200w, https:\/\/icc-weinfelden.ch\/wp-content\/uploads\/2020\/05\/11-2014-Besuch-vor-Ort-verkleinert-400x244.jpg 400w, https:\/\/icc-weinfelden.ch\/wp-content\/uploads\/2020\/05\/11-2014-Besuch-vor-Ort-verkleinert-600x366.jpg 600w, https:\/\/icc-weinfelden.ch\/wp-content\/uploads\/2020\/05\/11-2014-Besuch-vor-Ort-verkleinert-800x488.jpg 800w, https:\/\/icc-weinfelden.ch\/wp-content\/uploads\/2020\/05\/11-2014-Besuch-vor-Ort-verkleinert-1200x732.jpg 1200w, https:\/\/icc-weinfelden.ch\/wp-content\/uploads\/2020\/05\/11-2014-Besuch-vor-Ort-verkleinert.jpg 1311w\" sizes=\"(max-width: 800px) 100vw, 1311px\" \/><\/span><\/li><li class=\"image\"><span class=\"fusion-image-hover-element hover-type-none\"><img decoding=\"async\" src=\"https:\/\/icc-weinfelden.ch\/wp-content\/uploads\/2020\/05\/11-Caracoles-verkleinert-2.jpg\" width=\"1311\" height=\"800\" class=\"wp-image-582\" srcset=\"https:\/\/icc-weinfelden.ch\/wp-content\/uploads\/2020\/05\/11-Caracoles-verkleinert-2-200x122.jpg 200w, https:\/\/icc-weinfelden.ch\/wp-content\/uploads\/2020\/05\/11-Caracoles-verkleinert-2-400x244.jpg 400w, https:\/\/icc-weinfelden.ch\/wp-content\/uploads\/2020\/05\/11-Caracoles-verkleinert-2-600x366.jpg 600w, https:\/\/icc-weinfelden.ch\/wp-content\/uploads\/2020\/05\/11-Caracoles-verkleinert-2-800x488.jpg 800w, https:\/\/icc-weinfelden.ch\/wp-content\/uploads\/2020\/05\/11-Caracoles-verkleinert-2-1200x732.jpg 1200w, https:\/\/icc-weinfelden.ch\/wp-content\/uploads\/2020\/05\/11-Caracoles-verkleinert-2.jpg 1311w\" sizes=\"(max-width: 800px) 100vw, 1311px\" \/><\/span><\/li><li class=\"image\"><span class=\"fusion-image-hover-element hover-type-none\"><img decoding=\"async\" src=\"https:\/\/icc-weinfelden.ch\/wp-content\/uploads\/2020\/05\/11-Caracoles-verkleinert.jpg\" width=\"1311\" height=\"800\" class=\"wp-image-585\" srcset=\"https:\/\/icc-weinfelden.ch\/wp-content\/uploads\/2020\/05\/11-Caracoles-verkleinert-200x122.jpg 200w, https:\/\/icc-weinfelden.ch\/wp-content\/uploads\/2020\/05\/11-Caracoles-verkleinert-400x244.jpg 400w, https:\/\/icc-weinfelden.ch\/wp-content\/uploads\/2020\/05\/11-Caracoles-verkleinert-600x366.jpg 600w, https:\/\/icc-weinfelden.ch\/wp-content\/uploads\/2020\/05\/11-Caracoles-verkleinert-800x488.jpg 800w, https:\/\/icc-weinfelden.ch\/wp-content\/uploads\/2020\/05\/11-Caracoles-verkleinert-1200x732.jpg 1200w, https:\/\/icc-weinfelden.ch\/wp-content\/uploads\/2020\/05\/11-Caracoles-verkleinert.jpg 1311w\" sizes=\"(max-width: 800px) 100vw, 1311px\" \/><\/span><\/li><li class=\"image\"><span class=\"fusion-image-hover-element hover-type-none\"><img decoding=\"async\" src=\"https:\/\/icc-weinfelden.ch\/wp-content\/uploads\/2020\/05\/11-Gruppenfoto-Juli-2019.jpg\" width=\"1311\" height=\"800\" class=\"wp-image-588\" srcset=\"https:\/\/icc-weinfelden.ch\/wp-content\/uploads\/2020\/05\/11-Gruppenfoto-Juli-2019-200x122.jpg 200w, https:\/\/icc-weinfelden.ch\/wp-content\/uploads\/2020\/05\/11-Gruppenfoto-Juli-2019-400x244.jpg 400w, https:\/\/icc-weinfelden.ch\/wp-content\/uploads\/2020\/05\/11-Gruppenfoto-Juli-2019-600x366.jpg 600w, https:\/\/icc-weinfelden.ch\/wp-content\/uploads\/2020\/05\/11-Gruppenfoto-Juli-2019-800x488.jpg 800w, https:\/\/icc-weinfelden.ch\/wp-content\/uploads\/2020\/05\/11-Gruppenfoto-Juli-2019-1200x732.jpg 1200w, https:\/\/icc-weinfelden.ch\/wp-content\/uploads\/2020\/05\/11-Gruppenfoto-Juli-2019.jpg 1311w\" sizes=\"(max-width: 800px) 100vw, 1311px\" \/><\/span><\/li><li class=\"image\"><span class=\"fusion-image-hover-element hover-type-none\"><img decoding=\"async\" src=\"https:\/\/icc-weinfelden.ch\/wp-content\/uploads\/2020\/05\/11-Kinder-mit-Johana-Lange.jpg\" width=\"1311\" height=\"800\" class=\"wp-image-591\" srcset=\"https:\/\/icc-weinfelden.ch\/wp-content\/uploads\/2020\/05\/11-Kinder-mit-Johana-Lange-200x122.jpg 200w, https:\/\/icc-weinfelden.ch\/wp-content\/uploads\/2020\/05\/11-Kinder-mit-Johana-Lange-400x244.jpg 400w, https:\/\/icc-weinfelden.ch\/wp-content\/uploads\/2020\/05\/11-Kinder-mit-Johana-Lange-600x366.jpg 600w, https:\/\/icc-weinfelden.ch\/wp-content\/uploads\/2020\/05\/11-Kinder-mit-Johana-Lange-800x488.jpg 800w, https:\/\/icc-weinfelden.ch\/wp-content\/uploads\/2020\/05\/11-Kinder-mit-Johana-Lange-1200x732.jpg 1200w, https:\/\/icc-weinfelden.ch\/wp-content\/uploads\/2020\/05\/11-Kinder-mit-Johana-Lange.jpg 1311w\" sizes=\"(max-width: 800px) 100vw, 1311px\" \/><\/span><\/li><\/ul><\/div><div class=\"fusion-text fusion-text-2\"><p align=\"center\">Inicialmente, los servicios de la Iglesia y ayuda social y en refuerzo de tareas, se realizaron al aire libre y en refugios de emergencia hasta la finalizaci\u00f3n de un edificio propio.<\/p>\n<p align=\"center\">Hoy en d\u00eda, se celebran dos servicios a la semana los jueves y Domingos por la tarde.<\/p>\n<p align=\"center\">Debido a la pobreza, desde mediados de 2013 se ofrecen diariamente de Lunes a viernes un almuerzo gratuito a los ni\u00f1os que viven en la zona de asentamiento urbano de Caracoles y posteriormente son atendidos en refuerzos de tareas escolares.<\/p>\n<p align=\"center\">En su mayor\u00eda el barrio est\u00e1 compuesto por familias de escasos recursos, desplazados por la violencia del pa\u00eds y mujeres cabeza de familia.<\/p>\n<\/div><div class=\"fusion-clearfix\"><\/div><\/div><\/div><\/div><\/div><div class=\"fusion-fullwidth fullwidth-box fusion-builder-row-5 has-pattern-background has-mask-background nonhundred-percent-fullwidth non-hundred-percent-height-scrolling\" style=\"--awb-background-position:left top;--awb-border-sizes-top:0px;--awb-border-sizes-bottom:0px;--awb-border-sizes-left:0px;--awb-border-sizes-right:0px;--awb-border-radius-top-left:0px;--awb-border-radius-top-right:0px;--awb-border-radius-bottom-right:0px;--awb-border-radius-bottom-left:0px;--awb-padding-top:0%;--awb-padding-right:4%;--awb-padding-bottom:3%;--awb-padding-left:4%;--awb-flex-wrap:wrap;\" ><div class=\"fusion-builder-row fusion-row\"><div class=\"fusion-layout-column fusion_builder_column fusion-builder-column-5 fusion_builder_column_1_3 1_3 fusion-one-third fusion-column-first\" style=\"--awb-bg-size:cover;width:33.333333333333%;width:calc(33.333333333333% - ( ( 4% + 4% ) * 0.33333333333333 ) );margin-right: 4%;\"><div class=\"fusion-column-wrapper fusion-column-has-shadow fusion-flex-column-wrapper-legacy\"><div class=\"fusion-image-element in-legacy-container\" style=\"--awb-caption-title-font-family:var(--h2_typography-font-family);--awb-caption-title-font-weight:var(--h2_typography-font-weight);--awb-caption-title-font-style:var(--h2_typography-font-style);--awb-caption-title-size:var(--h2_typography-font-size);--awb-caption-title-transform:var(--h2_typography-text-transform);--awb-caption-title-line-height:var(--h2_typography-line-height);--awb-caption-title-letter-spacing:var(--h2_typography-letter-spacing);\"><span class=\" fusion-imageframe imageframe-none imageframe-1 hover-type-none\"><img decoding=\"async\" width=\"1600\" height=\"1202\" title=\"2022 Dios les bendiga\" src=\"https:\/\/icc-weinfelden.ch\/wp-content\/uploads\/2022\/12\/2022-Dios-les-bendiga.jpg\" alt class=\"img-responsive wp-image-3408\" srcset=\"https:\/\/icc-weinfelden.ch\/wp-content\/uploads\/2022\/12\/2022-Dios-les-bendiga-200x150.jpg 200w, https:\/\/icc-weinfelden.ch\/wp-content\/uploads\/2022\/12\/2022-Dios-les-bendiga-400x301.jpg 400w, https:\/\/icc-weinfelden.ch\/wp-content\/uploads\/2022\/12\/2022-Dios-les-bendiga-600x451.jpg 600w, https:\/\/icc-weinfelden.ch\/wp-content\/uploads\/2022\/12\/2022-Dios-les-bendiga-800x601.jpg 800w, https:\/\/icc-weinfelden.ch\/wp-content\/uploads\/2022\/12\/2022-Dios-les-bendiga-1200x902.jpg 1200w, https:\/\/icc-weinfelden.ch\/wp-content\/uploads\/2022\/12\/2022-Dios-les-bendiga.jpg 1600w\" sizes=\"(max-width: 800px) 100vw, 400px\" \/><\/span><\/div><div class=\"fusion-clearfix\"><\/div><\/div><\/div><div class=\"fusion-layout-column fusion_builder_column fusion-builder-column-6 fusion_builder_column_1_3 1_3 fusion-one-third\" style=\"--awb-bg-size:cover;width:33.333333333333%;width:calc(33.333333333333% - ( ( 4% + 4% ) * 0.33333333333333 ) );margin-right: 4%;\"><div class=\"fusion-column-wrapper fusion-column-has-shadow fusion-flex-column-wrapper-legacy\"><div class=\"fusion-image-element in-legacy-container\" style=\"--awb-caption-title-font-family:var(--h2_typography-font-family);--awb-caption-title-font-weight:var(--h2_typography-font-weight);--awb-caption-title-font-style:var(--h2_typography-font-style);--awb-caption-title-size:var(--h2_typography-font-size);--awb-caption-title-transform:var(--h2_typography-text-transform);--awb-caption-title-line-height:var(--h2_typography-line-height);--awb-caption-title-letter-spacing:var(--h2_typography-letter-spacing);\"><span class=\" fusion-imageframe imageframe-none imageframe-2 hover-type-none\"><img decoding=\"async\" width=\"1200\" height=\"1600\" title=\"2022 certifica\" src=\"https:\/\/icc-weinfelden.ch\/wp-content\/uploads\/2022\/12\/2022-certifica.jpg\" alt class=\"img-responsive wp-image-3411\" srcset=\"https:\/\/icc-weinfelden.ch\/wp-content\/uploads\/2022\/12\/2022-certifica-200x267.jpg 200w, https:\/\/icc-weinfelden.ch\/wp-content\/uploads\/2022\/12\/2022-certifica-400x533.jpg 400w, https:\/\/icc-weinfelden.ch\/wp-content\/uploads\/2022\/12\/2022-certifica-600x800.jpg 600w, https:\/\/icc-weinfelden.ch\/wp-content\/uploads\/2022\/12\/2022-certifica-800x1067.jpg 800w, https:\/\/icc-weinfelden.ch\/wp-content\/uploads\/2022\/12\/2022-certifica.jpg 1200w\" sizes=\"(max-width: 800px) 100vw, 400px\" \/><\/span><\/div><div class=\"fusion-clearfix\"><\/div><\/div><\/div><div class=\"fusion-layout-column fusion_builder_column fusion-builder-column-7 fusion_builder_column_1_3 1_3 fusion-one-third fusion-column-last\" style=\"--awb-bg-size:cover;width:33.333333333333%;width:calc(33.333333333333% - ( ( 4% + 4% ) * 0.33333333333333 ) );\"><div class=\"fusion-column-wrapper fusion-column-has-shadow fusion-flex-column-wrapper-legacy\"><div class=\"fusion-image-element in-legacy-container\" style=\"--awb-caption-title-font-family:var(--h2_typography-font-family);--awb-caption-title-font-weight:var(--h2_typography-font-weight);--awb-caption-title-font-style:var(--h2_typography-font-style);--awb-caption-title-size:var(--h2_typography-font-size);--awb-caption-title-transform:var(--h2_typography-text-transform);--awb-caption-title-line-height:var(--h2_typography-line-height);--awb-caption-title-letter-spacing:var(--h2_typography-letter-spacing);\"><span class=\" fusion-imageframe imageframe-none imageframe-3 hover-type-none\"><img decoding=\"async\" width=\"1600\" height=\"1200\" title=\"2022 Navidad &#8211; Weihnachten\" src=\"https:\/\/icc-weinfelden.ch\/wp-content\/uploads\/2022\/12\/2022-Navidad-Weihnachten.jpg\" alt class=\"img-responsive wp-image-3405\" srcset=\"https:\/\/icc-weinfelden.ch\/wp-content\/uploads\/2022\/12\/2022-Navidad-Weihnachten-200x150.jpg 200w, https:\/\/icc-weinfelden.ch\/wp-content\/uploads\/2022\/12\/2022-Navidad-Weihnachten-400x300.jpg 400w, https:\/\/icc-weinfelden.ch\/wp-content\/uploads\/2022\/12\/2022-Navidad-Weihnachten-600x450.jpg 600w, https:\/\/icc-weinfelden.ch\/wp-content\/uploads\/2022\/12\/2022-Navidad-Weihnachten-800x600.jpg 800w, https:\/\/icc-weinfelden.ch\/wp-content\/uploads\/2022\/12\/2022-Navidad-Weihnachten-1200x900.jpg 1200w, https:\/\/icc-weinfelden.ch\/wp-content\/uploads\/2022\/12\/2022-Navidad-Weihnachten.jpg 1600w\" sizes=\"(max-width: 800px) 100vw, 400px\" \/><\/span><\/div><div class=\"fusion-clearfix\"><\/div><\/div><\/div><div class=\"fusion-layout-column fusion_builder_column fusion-builder-column-8 fusion_builder_column_1_1 1_1 fusion-one-full fusion-column-first fusion-column-last fusion-column-no-min-height\" style=\"--awb-bg-size:cover;--awb-margin-bottom:0px;\"><div class=\"fusion-column-wrapper fusion-flex-column-wrapper-legacy\"><div class=\"fusion-sep-clear\"><\/div><div class=\"fusion-separator fusion-full-width-sep\" style=\"margin-left: auto;margin-right: auto;margin-top:2%;margin-bottom:2%;width:100%;\"><\/div><div class=\"fusion-sep-clear\"><\/div><div class=\"fusion-video fusion-selfhosted-video\" style=\"max-width:100%;\"><div class=\"video-wrapper\"><video playsinline=\"true\" width=\"100%\" style=\"object-fit: cover;\" muted=\"true\" preload=\"auto\" controls=\"1\"><source src=\"https:\/\/icc-weinfelden.ch\/wp-content\/uploads\/2022\/12\/2022-Navidad-Weihnachten.mp4\" type=\"video\/mp4\">Sorry, your browser doesn&#039;t support embedded videos.<\/video><\/div><\/div><div class=\"fusion-sep-clear\"><\/div><div class=\"fusion-separator fusion-full-width-sep\" style=\"margin-left: auto;margin-right: auto;margin-top:2%;margin-bottom:2%;width:100%;\"><\/div><div class=\"fusion-sep-clear\"><\/div><div class=\"fusion-video fusion-selfhosted-video\" style=\"max-width:100%;\"><div class=\"video-wrapper\"><video playsinline=\"true\" width=\"100%\" style=\"object-fit: cover;\" muted=\"true\" preload=\"auto\" controls=\"1\"><source src=\"https:\/\/icc-weinfelden.ch\/wp-content\/uploads\/2022\/12\/2022-recibir-un-regalo-de-navidad.mp4\" type=\"video\/mp4\">Sorry, your browser doesn&#039;t support embedded videos.<\/video><\/div><\/div><div class=\"fusion-sep-clear\"><\/div><div class=\"fusion-separator fusion-full-width-sep\" style=\"margin-left: auto;margin-right: auto;margin-top:2%;margin-bottom:2%;width:100%;\"><\/div><div class=\"fusion-sep-clear\"><\/div><div class=\"fusion-video fusion-youtube fusion-aligncenter\" style=\"--awb-max-width:1920px;--awb-max-height:1080px;--awb-width:100%;\"><div class=\"video-shortcode\"><div class=\"fluid-width-video-wrapper\" style=\"padding-top:56.25%;\" ><iframe class=\"fusion-hidden\" data-privacy-type=\"youtube\" src=\"\" title=\"YouTube video player 2\" data-privacy-src=\"https:\/\/www.youtube.com\/embed\/wUbGTXC-n8o?wmode=transparent&autoplay=0\" width=\"1920\" height=\"1080\" allowfullscreen allow=\"autoplay; clipboard-write; encrypted-media; gyroscope; picture-in-picture;\"><\/iframe><div class=\"fusion-privacy-placeholder\" style=\"width:1920px; height:1080px;\" data-privacy-type=\"youtube\"><div class=\"fusion-privacy-placeholder-content\"><div class=\"fusion-privacy-label\">For privacy reasons YouTube needs your permission to be loaded. For more details, please see our <a class=\"privacy-policy-link\" href=\"https:\/\/icc-weinfelden.ch\/privacy-policy\/\" rel=\"privacy-policy\">Privacy Policy<\/a>.<\/div><button data-privacy-type=\"youtube\" class=\"fusion-button button-default fusion-button-default-size button fusion-privacy-consent\">I Accept<\/button><\/div><\/div><\/div><\/div><\/div><div class=\"fusion-clearfix\"><\/div><\/div><\/div><\/div><\/div>\n<div class=\"fusion-fullwidth fullwidth-box fusion-builder-row-6 hundred-percent-fullwidth non-hundred-percent-height-scrolling fusion-equal-height-columns\" style=\"--awb-background-position:left top;--awb-border-sizes-top:0px;--awb-border-sizes-bottom:0px;--awb-border-sizes-left:0px;--awb-border-sizes-right:0px;--awb-border-radius-top-left:0px;--awb-border-radius-top-right:0px;--awb-border-radius-bottom-right:0px;--awb-border-radius-bottom-left:0px;--awb-padding-top:0px;--awb-padding-right:0px;--awb-padding-bottom:0px;--awb-padding-left:0px;--awb-flex-wrap:wrap;\" ><div class=\"fusion-builder-row fusion-row\"><div class=\"fusion-layout-column fusion_builder_column fusion-builder-column-9 fusion_builder_column_1_2 1_2 fusion-one-half fusion-column-first\" style=\"--awb-padding-top:15%;--awb-padding-right:15%;--awb-padding-bottom:15%;--awb-padding-left:15%;--awb-bg-color:#ececec;--awb-bg-color-hover:#ececec;--awb-bg-size:cover;\"><div class=\"fusion-column-wrapper fusion-flex-column-wrapper-legacy\"><div class=\"fusion-column-content-centered\"><div class=\"fusion-column-content\"><div class=\"fusion-title title fusion-title-3 fusion-sep-none fusion-title-center fusion-title-text fusion-title-size-three\" style=\"--awb-text-color:#000000;--awb-margin-top-small:10px;--awb-margin-right-small:0px;--awb-margin-bottom-small:10px;--awb-margin-left-small:0px;\"><h3 class=\"fusion-title-heading title-heading-center fusion-responsive-typography-calculated\" style=\"margin:0;--fontSize:26;line-height:1.62;\"><p class=\"fusion-responsive-typography-calculated\" data-fontsize=\"35\" data-lineheight=\"45.15px\">ESPERANZA PARA LOS NI\u00d1OS \u00abNueva Ilusi\u00f3n\u00bb<\/p><\/h3><\/div><div class=\"fusion-text fusion-text-3\"><p>Cuando Johana Lange estuvo en C\u00facuta, Colombia en el a\u00f1o de 2017 para visitar el Proyecto Caracoles, se realiz\u00f3 una evangelizaci\u00f3n organizada por la pastora Liliana Anaya y el Pastor Diego Neves de la congregaci\u00f3n Centro Cristiano Tucunar\u00e9, all\u00ed naci\u00f3 el sue\u00f1o de Dios proyecto Nueva Ilusi\u00f3n, que al igual que el Proyecto Caracoles, busca desarrollar un comedor infantil que pueda brindar una ayuda integral a los ni\u00f1os y a las familias del sector, de igual manera desarrollar la congregaci\u00f3n del barrio Nueva Ilusi\u00f3n.<\/p>\n<p>Desde 2017 hemos estado apoyando este proyecto dentro de nuestras posibilidades. <strong>Aqu\u00ed se construy\u00f3 un nuevo edificio, que se inaugur\u00f3 oficialmente el 24 de octubre de 2020<\/strong>. La construcci\u00f3n completa del edificio fue posible gracias a la generosidad de una familia suiza.<\/p>\n<\/div><\/div><\/div><div class=\"fusion-clearfix\"><\/div><\/div><\/div><div class=\"fusion-layout-column fusion_builder_column fusion-builder-column-10 fusion_builder_column_1_2 1_2 fusion-one-half fusion-column-last\" style=\"--awb-bg-image:url(&#039;https:\/\/test.icc-weinfelden.ch\/wp-content\/uploads\/2020\/03\/Ilusion.jpg&#039;);--awb-bg-position:center center;--awb-bg-size:cover;\"><div class=\"fusion-column-wrapper fusion-column-has-shadow fusion-flex-column-wrapper-legacy fusion-column-has-bg-image\" data-bg-url=\"https:\/\/test.icc-weinfelden.ch\/wp-content\/uploads\/2020\/03\/Ilusion.jpg\"><div class=\"fusion-column-content-centered\"><div class=\"fusion-column-content\"><div class=\"fusion-slider-sc fusion-flexslider-loading flexslider fusion-aligncenter flexslider-hover-type-none\" data-slideshow_autoplay=\"1\" data-slideshow_smooth_height=\"0\" data-slideshow_speed=\"3700\" style=\"max-width:600px;height:100%;\"><ul class=\"slides\"><li class=\"image\"><span class=\"fusion-image-hover-element hover-type-none\"><img decoding=\"async\" src=\"https:\/\/icc-weinfelden.ch\/wp-content\/uploads\/2020\/11\/Inauguraci\u00f3n_Nueva_Ilusion_octubre_2020_1.jpg\" width=\"960\" height=\"720\" class=\"wp-image-987\" srcset=\"https:\/\/icc-weinfelden.ch\/wp-content\/uploads\/2020\/11\/Inauguraci\u00f3n_Nueva_Ilusion_octubre_2020_1-200x150.jpg 200w, https:\/\/icc-weinfelden.ch\/wp-content\/uploads\/2020\/11\/Inauguraci\u00f3n_Nueva_Ilusion_octubre_2020_1-400x300.jpg 400w, https:\/\/icc-weinfelden.ch\/wp-content\/uploads\/2020\/11\/Inauguraci\u00f3n_Nueva_Ilusion_octubre_2020_1-600x450.jpg 600w, https:\/\/icc-weinfelden.ch\/wp-content\/uploads\/2020\/11\/Inauguraci\u00f3n_Nueva_Ilusion_octubre_2020_1-800x600.jpg 800w, https:\/\/icc-weinfelden.ch\/wp-content\/uploads\/2020\/11\/Inauguraci\u00f3n_Nueva_Ilusion_octubre_2020_1.jpg 960w\" sizes=\"(max-width: 800px) 100vw, 800px\" \/><\/span><\/li><li class=\"image\"><span class=\"fusion-image-hover-element hover-type-none\"><img decoding=\"async\" src=\"https:\/\/icc-weinfelden.ch\/wp-content\/uploads\/2020\/11\/Inauguraci\u00f3n_Nueva_Ilusion_octubre_2020_2.jpg\" width=\"960\" height=\"720\" class=\"wp-image-990\" srcset=\"https:\/\/icc-weinfelden.ch\/wp-content\/uploads\/2020\/11\/Inauguraci\u00f3n_Nueva_Ilusion_octubre_2020_2-200x150.jpg 200w, https:\/\/icc-weinfelden.ch\/wp-content\/uploads\/2020\/11\/Inauguraci\u00f3n_Nueva_Ilusion_octubre_2020_2-400x300.jpg 400w, https:\/\/icc-weinfelden.ch\/wp-content\/uploads\/2020\/11\/Inauguraci\u00f3n_Nueva_Ilusion_octubre_2020_2-600x450.jpg 600w, https:\/\/icc-weinfelden.ch\/wp-content\/uploads\/2020\/11\/Inauguraci\u00f3n_Nueva_Ilusion_octubre_2020_2-800x600.jpg 800w, https:\/\/icc-weinfelden.ch\/wp-content\/uploads\/2020\/11\/Inauguraci\u00f3n_Nueva_Ilusion_octubre_2020_2.jpg 960w\" sizes=\"(max-width: 800px) 100vw, 800px\" \/><\/span><\/li><li class=\"image\"><span class=\"fusion-image-hover-element hover-type-none\"><img decoding=\"async\" src=\"https:\/\/icc-weinfelden.ch\/wp-content\/uploads\/2020\/11\/Inauguraci\u00f3n_Nueva_Ilusion_octubre_2020_3.jpg\" width=\"960\" height=\"720\" class=\"wp-image-993\" srcset=\"https:\/\/icc-weinfelden.ch\/wp-content\/uploads\/2020\/11\/Inauguraci\u00f3n_Nueva_Ilusion_octubre_2020_3-200x150.jpg 200w, https:\/\/icc-weinfelden.ch\/wp-content\/uploads\/2020\/11\/Inauguraci\u00f3n_Nueva_Ilusion_octubre_2020_3-400x300.jpg 400w, https:\/\/icc-weinfelden.ch\/wp-content\/uploads\/2020\/11\/Inauguraci\u00f3n_Nueva_Ilusion_octubre_2020_3-600x450.jpg 600w, https:\/\/icc-weinfelden.ch\/wp-content\/uploads\/2020\/11\/Inauguraci\u00f3n_Nueva_Ilusion_octubre_2020_3-800x600.jpg 800w, https:\/\/icc-weinfelden.ch\/wp-content\/uploads\/2020\/11\/Inauguraci\u00f3n_Nueva_Ilusion_octubre_2020_3.jpg 960w\" sizes=\"(max-width: 800px) 100vw, 800px\" \/><\/span><\/li><li class=\"image\"><span class=\"fusion-image-hover-element hover-type-none\"><img decoding=\"async\" src=\"https:\/\/icc-weinfelden.ch\/wp-content\/uploads\/2020\/11\/Inauguraci\u00f3n_Nueva_Ilusion_octubre_2020_4.jpg\" width=\"1280\" height=\"960\" class=\"wp-image-996\" srcset=\"https:\/\/icc-weinfelden.ch\/wp-content\/uploads\/2020\/11\/Inauguraci\u00f3n_Nueva_Ilusion_octubre_2020_4-200x150.jpg 200w, https:\/\/icc-weinfelden.ch\/wp-content\/uploads\/2020\/11\/Inauguraci\u00f3n_Nueva_Ilusion_octubre_2020_4-400x300.jpg 400w, https:\/\/icc-weinfelden.ch\/wp-content\/uploads\/2020\/11\/Inauguraci\u00f3n_Nueva_Ilusion_octubre_2020_4-600x450.jpg 600w, https:\/\/icc-weinfelden.ch\/wp-content\/uploads\/2020\/11\/Inauguraci\u00f3n_Nueva_Ilusion_octubre_2020_4-800x600.jpg 800w, https:\/\/icc-weinfelden.ch\/wp-content\/uploads\/2020\/11\/Inauguraci\u00f3n_Nueva_Ilusion_octubre_2020_4-1200x900.jpg 1200w, https:\/\/icc-weinfelden.ch\/wp-content\/uploads\/2020\/11\/Inauguraci\u00f3n_Nueva_Ilusion_octubre_2020_4.jpg 1280w\" sizes=\"(max-width: 800px) 100vw, 800px\" \/><\/span><\/li><li class=\"image\"><span class=\"fusion-image-hover-element hover-type-none\"><img decoding=\"async\" src=\"https:\/\/icc-weinfelden.ch\/wp-content\/uploads\/2020\/11\/Inauguraci\u00f3n_Nueva_Ilusion_octubre_2020_5.jpg\" width=\"960\" height=\"720\" class=\"wp-image-999\" srcset=\"https:\/\/icc-weinfelden.ch\/wp-content\/uploads\/2020\/11\/Inauguraci\u00f3n_Nueva_Ilusion_octubre_2020_5-200x150.jpg 200w, https:\/\/icc-weinfelden.ch\/wp-content\/uploads\/2020\/11\/Inauguraci\u00f3n_Nueva_Ilusion_octubre_2020_5-400x300.jpg 400w, https:\/\/icc-weinfelden.ch\/wp-content\/uploads\/2020\/11\/Inauguraci\u00f3n_Nueva_Ilusion_octubre_2020_5-600x450.jpg 600w, https:\/\/icc-weinfelden.ch\/wp-content\/uploads\/2020\/11\/Inauguraci\u00f3n_Nueva_Ilusion_octubre_2020_5-800x600.jpg 800w, https:\/\/icc-weinfelden.ch\/wp-content\/uploads\/2020\/11\/Inauguraci\u00f3n_Nueva_Ilusion_octubre_2020_5.jpg 960w\" sizes=\"(max-width: 800px) 100vw, 800px\" \/><\/span><\/li><li class=\"image\"><span class=\"fusion-image-hover-element hover-type-none\"><img decoding=\"async\" src=\"https:\/\/icc-weinfelden.ch\/wp-content\/uploads\/2020\/11\/Inauguraci\u00f3n_Nueva_Ilusion_octubre_2020_6.jpg\" width=\"1040\" height=\"585\" class=\"wp-image-1002\" srcset=\"https:\/\/icc-weinfelden.ch\/wp-content\/uploads\/2020\/11\/Inauguraci\u00f3n_Nueva_Ilusion_octubre_2020_6-200x113.jpg 200w, https:\/\/icc-weinfelden.ch\/wp-content\/uploads\/2020\/11\/Inauguraci\u00f3n_Nueva_Ilusion_octubre_2020_6-400x225.jpg 400w, https:\/\/icc-weinfelden.ch\/wp-content\/uploads\/2020\/11\/Inauguraci\u00f3n_Nueva_Ilusion_octubre_2020_6-600x338.jpg 600w, https:\/\/icc-weinfelden.ch\/wp-content\/uploads\/2020\/11\/Inauguraci\u00f3n_Nueva_Ilusion_octubre_2020_6-800x450.jpg 800w, https:\/\/icc-weinfelden.ch\/wp-content\/uploads\/2020\/11\/Inauguraci\u00f3n_Nueva_Ilusion_octubre_2020_6.jpg 1040w\" sizes=\"(max-width: 800px) 100vw, 800px\" \/><\/span><\/li><li class=\"image\"><span class=\"fusion-image-hover-element hover-type-none\"><img decoding=\"async\" src=\"https:\/\/icc-weinfelden.ch\/wp-content\/uploads\/2020\/11\/Inauguraci\u00f3n_Nueva_Ilusion_octubre_2020_7.jpg\" width=\"960\" height=\"720\" class=\"wp-image-1005\" srcset=\"https:\/\/icc-weinfelden.ch\/wp-content\/uploads\/2020\/11\/Inauguraci\u00f3n_Nueva_Ilusion_octubre_2020_7-200x150.jpg 200w, https:\/\/icc-weinfelden.ch\/wp-content\/uploads\/2020\/11\/Inauguraci\u00f3n_Nueva_Ilusion_octubre_2020_7-400x300.jpg 400w, https:\/\/icc-weinfelden.ch\/wp-content\/uploads\/2020\/11\/Inauguraci\u00f3n_Nueva_Ilusion_octubre_2020_7-600x450.jpg 600w, https:\/\/icc-weinfelden.ch\/wp-content\/uploads\/2020\/11\/Inauguraci\u00f3n_Nueva_Ilusion_octubre_2020_7-800x600.jpg 800w, https:\/\/icc-weinfelden.ch\/wp-content\/uploads\/2020\/11\/Inauguraci\u00f3n_Nueva_Ilusion_octubre_2020_7.jpg 960w\" sizes=\"(max-width: 800px) 100vw, 800px\" \/><\/span><\/li><\/ul><\/div><div class=\"fusion-video fusion-youtube fusion-aligncenter\" style=\"--awb-max-width:600px;--awb-max-height:360px;--awb-width:100%;\"><div class=\"video-shortcode\"><div class=\"fluid-width-video-wrapper\" style=\"padding-top:60%;\" ><iframe class=\"fusion-hidden\" data-privacy-type=\"youtube\" src=\"\" title=\"YouTube video player 3\" data-privacy-src=\"https:\/\/www.youtube.com\/embed\/9e6haHbcrV0?wmode=transparent&autoplay=0\" width=\"600\" height=\"360\" allowfullscreen allow=\"autoplay; clipboard-write; encrypted-media; gyroscope; picture-in-picture;\"><\/iframe><div class=\"fusion-privacy-placeholder\" style=\"width:600px; height:360px;\" data-privacy-type=\"youtube\"><div class=\"fusion-privacy-placeholder-content\"><div class=\"fusion-privacy-label\">For privacy reasons YouTube needs your permission to be loaded. For more details, please see our <a class=\"privacy-policy-link\" href=\"https:\/\/icc-weinfelden.ch\/privacy-policy\/\" rel=\"privacy-policy\">Privacy Policy<\/a>.<\/div><button data-privacy-type=\"youtube\" class=\"fusion-button button-default fusion-button-default-size button fusion-privacy-consent\">I Accept<\/button><\/div><\/div><\/div><\/div><\/div><\/div><\/div><div class=\"fusion-clearfix\"><\/div><\/div><\/div><\/div><\/div><div class=\"fusion-fullwidth fullwidth-box fusion-builder-row-7 fusion-flex-container has-pattern-background has-mask-background hundred-percent-fullwidth non-hundred-percent-height-scrolling\" style=\"--awb-background-position:left top;--awb-border-sizes-top:0px;--awb-border-sizes-bottom:0px;--awb-border-sizes-left:0px;--awb-border-sizes-right:0px;--awb-border-radius-top-left:0px;--awb-border-radius-top-right:0px;--awb-border-radius-bottom-right:0px;--awb-border-radius-bottom-left:0px;--awb-padding-top:0px;--awb-padding-right:0px;--awb-padding-bottom:0px;--awb-padding-left:0px;--awb-flex-wrap:wrap;\" ><div class=\"fusion-builder-row fusion-row fusion-flex-align-items-flex-start fusion-flex-content-wrap\" style=\"width:calc( 100% + 0px ) !important;max-width:calc( 100% + 0px ) !important;margin-left: calc(-0px \/ 2 );margin-right: calc(-0px \/ 2 );\"><div class=\"fusion-layout-column fusion_builder_column fusion-builder-column-11 fusion_builder_column_1_2 1_2 fusion-flex-column\" style=\"--awb-padding-top:15%;--awb-padding-right:15%;--awb-padding-bottom:15%;--awb-padding-left:15%;--awb-bg-color:#ececec;--awb-bg-color-hover:#ececec;--awb-bg-size:cover;--awb-width-large:50%;--awb-margin-top-large:0px;--awb-spacing-right-large:0px;--awb-margin-bottom-large:20px;--awb-spacing-left-large:0px;--awb-width-medium:100%;--awb-spacing-right-medium:0px;--awb-spacing-left-medium:0px;--awb-width-small:100%;--awb-spacing-right-small:0px;--awb-spacing-left-small:0px;\"><div class=\"fusion-column-wrapper fusion-flex-justify-content-center fusion-content-layout-column\"><div class=\"fusion-title title fusion-title-4 fusion-sep-none fusion-title-center fusion-title-text fusion-title-size-three\" style=\"--awb-text-color:#000000;--awb-margin-top-small:10px;--awb-margin-right-small:0px;--awb-margin-bottom-small:10px;--awb-margin-left-small:0px;\"><h3 class=\"fusion-title-heading title-heading-center fusion-responsive-typography-calculated\" style=\"margin:0;--fontSize:26;line-height:1.62;\">ESPERANZA PARA LOS NI\u00d1OS \u00abJOS\u00c9 BERNAL\u00bb<\/h3><\/div><div class=\"fusion-text fusion-text-4\"><p>Siguiendo el concepto probado de \u00abCaracoles\u00bb y \u00abNueva Ilusi\u00f3n\u00bb, ahora se va a realizar otro proyecto en C\u00facuta, Colombia: \u00abJos\u00e9 Bernal\u00bb.<\/p>\n<p>Una breve descripci\u00f3n del barrio: En 2012, alrededor de 70 familias procedentes de barrios como Motilones, Ospina P\u00e9rez y Toledo Plata, pero tambi\u00e9n de otras comunidades, comenzaron a asentarse en el oeste de C\u00facuta para encontrar un techo. Poco a poco, esta zona se fue expandiendo hasta convertirse en uno de los asentamientos m\u00e1s grandes del casco urbano del municipio, con cerca de 32 hect\u00e1reas y el nombre de Jos\u00e9 Bernal.<\/p>\n<p>Durante la pandemia, un equipo local empez\u00f3 a celebrar reuniones y actividades al aire libre. M\u00e1s tarde, una mujer cedi\u00f3 su casa para las reuniones.<\/p>\n<p>A principios de mayo de 2024 tuvimos la oportunidad de recibir nuevamente un gran regalo: una familia suiza hizo posible que pudi\u00e9ramos adquirir un terreno. El terreno comprende seis parcelas con una superficie total de 690 metros cuadrados: un paso importante m\u00e1s en lo que Dios est\u00e1 construyendo aqu\u00ed.<\/p>\n<p>En 2026, esta familia se hizo cargo de la financiaci\u00f3n de toda la construcci\u00f3n, incluidas las instalaciones principales. Esta generosidad nos conmueve profundamente.<\/p>\n<p>Junto con nuestros amigos en C\u00facuta, Colombia, contemplamos este milagro con asombro y gratitud. Una y otra vez experimentamos que Dios provee, a menudo de maneras sorprendentes. A \u00c9l solo le corresponde toda la gloria. Tan pronto como concluyan los trabajos de construcci\u00f3n, con mucho gusto compartiremos fotos con ustedes.<\/p>\n<\/div><\/div><\/div><div class=\"fusion-layout-column fusion_builder_column fusion-builder-column-12 fusion_builder_column_1_2 1_2 fusion-flex-column\" style=\"--awb-bg-image:url(&#039;https:\/\/test.icc-weinfelden.ch\/wp-content\/uploads\/2020\/03\/Ilusion.jpg&#039;);--awb-bg-position:center center;--awb-bg-size:cover;--awb-width-large:50%;--awb-margin-top-large:0px;--awb-spacing-right-large:0px;--awb-margin-bottom-large:20px;--awb-spacing-left-large:0px;--awb-width-medium:100%;--awb-spacing-right-medium:0px;--awb-spacing-left-medium:0px;--awb-width-small:100%;--awb-spacing-right-small:0px;--awb-spacing-left-small:0px;\"><div class=\"fusion-column-wrapper fusion-column-has-shadow fusion-flex-justify-content-center fusion-content-layout-column fusion-column-has-bg-image\" data-bg-url=\"https:\/\/test.icc-weinfelden.ch\/wp-content\/uploads\/2020\/03\/Ilusion.jpg\"><div class=\"fusion-image-element\" style=\"--awb-caption-title-font-family:var(--h2_typography-font-family);--awb-caption-title-font-weight:var(--h2_typography-font-weight);--awb-caption-title-font-style:var(--h2_typography-font-style);--awb-caption-title-size:var(--h2_typography-font-size);--awb-caption-title-transform:var(--h2_typography-text-transform);--awb-caption-title-line-height:var(--h2_typography-line-height);--awb-caption-title-letter-spacing:var(--h2_typography-letter-spacing);\"><span class=\" fusion-imageframe imageframe-none imageframe-4 hover-type-none\"><a href=\"https:\/\/icc-weinfelden.ch\/wp-content\/uploads\/2024\/05\/Jose-Bernal.png\" class=\"fusion-lightbox\" data-rel=\"iLightbox[4d0df58fb1d570d34a5]\" data-title=\"Jos\u00e9 Bernal\" title=\"Jos\u00e9 Bernal\"><img decoding=\"async\" width=\"1280\" height=\"609\" src=\"https:\/\/icc-weinfelden.ch\/wp-content\/uploads\/2024\/05\/Jose-Bernal.png\" alt class=\"img-responsive wp-image-4796\" srcset=\"https:\/\/icc-weinfelden.ch\/wp-content\/uploads\/2024\/05\/Jose-Bernal-200x95.png 200w, https:\/\/icc-weinfelden.ch\/wp-content\/uploads\/2024\/05\/Jose-Bernal-400x190.png 400w, https:\/\/icc-weinfelden.ch\/wp-content\/uploads\/2024\/05\/Jose-Bernal-600x285.png 600w, https:\/\/icc-weinfelden.ch\/wp-content\/uploads\/2024\/05\/Jose-Bernal-800x381.png 800w, https:\/\/icc-weinfelden.ch\/wp-content\/uploads\/2024\/05\/Jose-Bernal-1200x571.png 1200w, https:\/\/icc-weinfelden.ch\/wp-content\/uploads\/2024\/05\/Jose-Bernal.png 1280w\" sizes=\"(max-width: 1024px) 100vw, (max-width: 640px) 100vw, 800px\" \/><\/a><\/span><\/div><\/div><\/div><\/div><\/div><div class=\"fusion-fullwidth fullwidth-box fusion-builder-row-8 nonhundred-percent-fullwidth non-hundred-percent-height-scrolling\" style=\"--awb-background-position:left top;--awb-border-sizes-top:0px;--awb-border-sizes-bottom:0px;--awb-border-sizes-left:0px;--awb-border-sizes-right:0px;--awb-border-radius-top-left:0px;--awb-border-radius-top-right:0px;--awb-border-radius-bottom-right:0px;--awb-border-radius-bottom-left:0px;--awb-padding-top:4%;--awb-padding-bottom:4%;--awb-background-color:#3e7ccc;--awb-flex-wrap:wrap;\" ><div class=\"fusion-builder-row fusion-row\"><div class=\"fusion-layout-column fusion_builder_column fusion-builder-column-13 fusion_builder_column_1_4 1_4 fusion-one-fourth fusion-column-first\" style=\"--awb-bg-size:cover;\"><div class=\"fusion-column-wrapper fusion-flex-column-wrapper-legacy\"><div class=\"fusion-sep-clear\"><\/div><div class=\"fusion-separator fusion-full-width-sep\" style=\"margin-left: auto;margin-right: auto;width:100%;\"><\/div><div class=\"fusion-sep-clear\"><\/div><div class=\"fusion-clearfix\"><\/div><\/div><\/div><div class=\"fusion-layout-column fusion_builder_column fusion-builder-column-14 fusion_builder_column_1_2 1_2 fusion-one-half\" style=\"--awb-bg-size:cover;\"><div class=\"fusion-column-wrapper fusion-flex-column-wrapper-legacy\"><div class=\"fusion-text fusion-text-5\"><h2 class=\"fusion-responsive-typography-calculated\" style=\"text-align: center; --fontsize: 35; line-height: 1.29;\" data-fontsize=\"35\" data-lineheight=\"45.15px\"><span style=\"color: #ffffff;\">\u00bfApoyando?<\/span><\/h2>\n<p style=\"text-align: center;\"><span style=\"color: #ffffff; font-weight: 300;\">\u00bfTe gustar\u00eda ser parte de este proyecto? Nos alegramos mucho! P\u00f3ngase en contacto con nosotros sin compromiso. \u00a1Te estamos esperando!<\/span><\/p>\n<\/div><div class=\"fusion-clearfix\"><\/div><\/div><\/div><div class=\"fusion-layout-column fusion_builder_column fusion-builder-column-15 fusion_builder_column_1_4 1_4 fusion-one-fourth fusion-column-last\" style=\"--awb-bg-size:cover;\"><div class=\"fusion-column-wrapper fusion-flex-column-wrapper-legacy\"><div class=\"fusion-sep-clear\"><\/div><div class=\"fusion-separator fusion-full-width-sep\" style=\"margin-left: auto;margin-right: auto;width:100%;\"><\/div><div class=\"fusion-sep-clear\"><\/div><div class=\"fusion-clearfix\"><\/div><\/div><\/div><div class=\"fusion-layout-column fusion_builder_column fusion-builder-column-16 fusion_builder_column_1_1 1_1 fusion-one-full fusion-column-first fusion-column-last fusion-column-no-min-height\" style=\"--awb-bg-size:cover;--awb-margin-bottom:0px;\"><div class=\"fusion-column-wrapper fusion-flex-column-wrapper-legacy\"><div class=\"fusion-sep-clear\"><\/div><div class=\"fusion-separator fusion-full-width-sep\" style=\"margin-left: auto;margin-right: auto;margin-top:5px;margin-bottom:5px;width:100%;\"><\/div><div class=\"fusion-sep-clear\"><\/div><div class=\"fusion-clearfix\"><\/div><\/div><\/div><div class=\"fusion-layout-column fusion_builder_column fusion-builder-column-17 fusion_builder_column_1_4 1_4 fusion-one-fourth fusion-column-first\" style=\"--awb-bg-size:cover;\"><div class=\"fusion-column-wrapper fusion-flex-column-wrapper-legacy\"><div class=\"fusion-sep-clear\"><\/div><div class=\"fusion-separator fusion-full-width-sep\" style=\"margin-left: auto;margin-right: auto;width:100%;\"><\/div><div class=\"fusion-sep-clear\"><\/div><div class=\"fusion-clearfix\"><\/div><\/div><\/div><div class=\"fusion-layout-column fusion_builder_column fusion-builder-column-18 fusion_builder_column_1_2 1_2 fusion-one-half\" style=\"--awb-bg-size:cover;\"><div class=\"fusion-column-wrapper fusion-flex-column-wrapper-legacy\"><div class=\"fusion-button-wrapper fusion-aligncenter\"><a class=\"fusion-button button-flat fusion-button-default-size button-lightgray fusion-button-lightgray button-1 fusion-button-default-span fusion-button-default-type\" target=\"_self\" href=\"https:\/\/icc-weinfelden.ch\/es\/contacto\/\"><span class=\"fusion-button-text awb-button__text awb-button__text--default\">CONTACTO<\/span><\/a><\/div><div class=\"fusion-clearfix\"><\/div><\/div><\/div><div class=\"fusion-layout-column fusion_builder_column fusion-builder-column-19 fusion_builder_column_1_4 1_4 fusion-one-fourth fusion-column-last\" style=\"--awb-bg-size:cover;\"><div class=\"fusion-column-wrapper fusion-flex-column-wrapper-legacy\"><div class=\"fusion-sep-clear\"><\/div><div class=\"fusion-separator fusion-full-width-sep\" style=\"margin-left: auto;margin-right: auto;width:100%;\"><\/div><div class=\"fusion-sep-clear\"><\/div><div class=\"fusion-clearfix\"><\/div><\/div><\/div><\/div><\/div><\/p>\n","protected":false},"excerpt":{"rendered":"","protected":false},"author":1,"featured_media":0,"parent":0,"menu_order":0,"comment_status":"closed","ping_status":"closed","template":"","meta":{"footnotes":""},"class_list":["post-497","page","type-page","status-publish","hentry"],"_links":{"self":[{"href":"https:\/\/icc-weinfelden.ch\/es\/wp-json\/wp\/v2\/pages\/497","targetHints":{"allow":["GET"]}}],"collection":[{"href":"https:\/\/icc-weinfelden.ch\/es\/wp-json\/wp\/v2\/pages"}],"about":[{"href":"https:\/\/icc-weinfelden.ch\/es\/wp-json\/wp\/v2\/types\/page"}],"author":[{"embeddable":true,"href":"https:\/\/icc-weinfelden.ch\/es\/wp-json\/wp\/v2\/users\/1"}],"replies":[{"embeddable":true,"href":"https:\/\/icc-weinfelden.ch\/es\/wp-json\/wp\/v2\/comments?post=497"}],"version-history":[{"count":26,"href":"https:\/\/icc-weinfelden.ch\/es\/wp-json\/wp\/v2\/pages\/497\/revisions"}],"predecessor-version":[{"id":6876,"href":"https:\/\/icc-weinfelden.ch\/es\/wp-json\/wp\/v2\/pages\/497\/revisions\/6876"}],"wp:attachment":[{"href":"https:\/\/icc-weinfelden.ch\/es\/wp-json\/wp\/v2\/media?parent=497"}],"curies":[{"name":"wp","href":"https:\/\/api.w.org\/{rel}","templated":true}]}}