{"id":515,"date":"2020-03-27T16:51:24","date_gmt":"2020-03-27T15:51:24","guid":{"rendered":"https:\/\/icc-weinfelden.ch\/ueber-uns\/"},"modified":"2025-06-06T15:43:20","modified_gmt":"2025-06-06T13:43:20","slug":"sobre-nosotros","status":"publish","type":"page","link":"https:\/\/icc-weinfelden.ch\/es\/sobre-nosotros\/","title":{"rendered":"Sobre nosotros"},"content":{"rendered":"<p><div class=\"fusion-fullwidth fullwidth-box fusion-builder-row-1 nonhundred-percent-fullwidth non-hundred-percent-height-scrolling\" style=\"--awb-background-position:left top;--awb-border-sizes-top:0px;--awb-border-sizes-bottom:0px;--awb-border-sizes-left:0px;--awb-border-sizes-right:0px;--awb-border-radius-top-left:0px;--awb-border-radius-top-right:0px;--awb-border-radius-bottom-right:0px;--awb-border-radius-bottom-left:0px;--awb-padding-top:0%;--awb-padding-right:15%;--awb-padding-bottom:0%;--awb-padding-left:15%;--awb-flex-wrap:wrap;\" ><div class=\"fusion-builder-row fusion-row\"><div class=\"fusion-layout-column fusion_builder_column fusion-builder-column-0 fusion_builder_column_1_1 1_1 fusion-one-full fusion-column-first fusion-column-last fusion-column-no-min-height\" style=\"--awb-bg-size:cover;\" data-scroll-devices=\"small-visibility,medium-visibility,large-visibility\"><div class=\"fusion-column-wrapper fusion-column-has-shadow fusion-flex-column-wrapper-legacy\"><div class=\"fusion-text fusion-text-1\"><h2 style=\"text-align: center;\"><strong>SOBRE NOSOTROS<\/strong><\/h2>\n<\/div><div class=\"fusion-clearfix\"><\/div><\/div><\/div><\/div><\/div><div class=\"fusion-fullwidth fullwidth-box fusion-builder-row-2 nonhundred-percent-fullwidth non-hundred-percent-height-scrolling\" style=\"--awb-background-position:left top;--awb-border-sizes-top:0px;--awb-border-sizes-bottom:0px;--awb-border-sizes-left:0px;--awb-border-sizes-right:0px;--awb-border-radius-top-left:0px;--awb-border-radius-top-right:0px;--awb-border-radius-bottom-right:0px;--awb-border-radius-bottom-left:0px;--awb-padding-top:1%;--awb-padding-right:7%;--awb-padding-bottom:1%;--awb-padding-left:7%;--awb-flex-wrap:wrap;\" ><div class=\"fusion-builder-row fusion-row\"><div class=\"fusion-layout-column fusion_builder_column fusion-builder-column-1 fusion_builder_column_1_1 1_1 fusion-one-full fusion-column-first fusion-column-last\" style=\"--awb-bg-size:cover;\"><div class=\"fusion-column-wrapper fusion-column-has-shadow fusion-flex-column-wrapper-legacy\"><div class=\"fusion-image-element in-legacy-container\" style=\"--awb-caption-title-font-family:var(--h2_typography-font-family);--awb-caption-title-font-weight:var(--h2_typography-font-weight);--awb-caption-title-font-style:var(--h2_typography-font-style);--awb-caption-title-size:var(--h2_typography-font-size);--awb-caption-title-transform:var(--h2_typography-text-transform);--awb-caption-title-line-height:var(--h2_typography-line-height);--awb-caption-title-letter-spacing:var(--h2_typography-letter-spacing);\"><span class=\" fusion-imageframe imageframe-none imageframe-1 hover-type-none\"><img decoding=\"async\" width=\"1536\" height=\"748\" title=\"Johana und Andreas Lange ICC Ausschnitt verkleinert\" src=\"https:\/\/icc-weinfelden.ch\/wp-content\/uploads\/2020\/05\/Johana-und-Andreas-Lange-ICC-Ausschnitt-verkleinert-e1613750066775.jpg\" alt class=\"img-responsive wp-image-678\"\/><\/span><\/div><div class=\"fusion-clearfix\"><\/div><\/div><\/div><\/div><\/div><div class=\"fusion-fullwidth fullwidth-box fusion-builder-row-3 nonhundred-percent-fullwidth non-hundred-percent-height-scrolling\" style=\"--awb-background-position:left top;--awb-border-sizes-top:0px;--awb-border-sizes-bottom:0px;--awb-border-sizes-left:0px;--awb-border-sizes-right:0px;--awb-border-radius-top-left:0px;--awb-border-radius-top-right:0px;--awb-border-radius-bottom-right:0px;--awb-border-radius-bottom-left:0px;--awb-padding-top:1%;--awb-padding-right:7%;--awb-padding-bottom:1%;--awb-padding-left:7%;--awb-flex-wrap:wrap;\" ><div class=\"fusion-builder-row fusion-row\"><div class=\"fusion-layout-column fusion_builder_column fusion-builder-column-2 fusion_builder_column_1_1 1_1 fusion-one-full fusion-column-first fusion-column-last fusion-column-no-min-height\" style=\"--awb-bg-size:cover;--awb-margin-bottom:0px;\"><div class=\"fusion-column-wrapper fusion-flex-column-wrapper-legacy\"><div class=\"fusion-text fusion-text-2\"><p>El Centro Cristiano Weinfelden se inaugur\u00f3 el 31 de mayo de 2020 y est\u00e1 dirigido por los pastores Andreas y Johana Lange. Forma parte de Centro Cristiano Internacional (Asembleas de Dios \/ Iglesia Pentecostal), C\u00facuta, Colombia, fundada en 1975 por el pastor Jos\u00e9 Satirio Dos Santos y su esposa, la pastora Nair de Andrade Dos Santos, de origen brasile\u00f1o. En la actualidad, la iglesia cuenta con unas 700 iglesias filiales en todo el mundo. Los servicios del Centro Cristiano Weinfelden tienen lugar por la tarde en BiG &#8211; Begegnung im Giessenpark, Thomas-Bornhauserstrasse 20.<\/p>\n<p>En Noviembre de 2019, la pareja de Pastores Fausto Jim\u00e9nez y Neliete Viegas, de Colombia; estuvieron con nosotros en Suiza durante tres semanas. Despu\u00e9s de muchos a\u00f1os de cooperaci\u00f3n en el \u00e1rea de proyectos para ni\u00f1os y ministerios de predicaci\u00f3n por nuestra parte en Colombia, naci\u00f3 el Centro Cristiano Weinfelden. Vemos en esto una maravillosa gu\u00eda de Dios y un complemento al ministerio pastoral a nuestro ministerio evangel\u00edstico y misionero.<\/p>\n<\/div><div class=\"fusion-clearfix\"><\/div><\/div><\/div><div class=\"fusion-layout-column fusion_builder_column fusion-builder-column-3 fusion_builder_column_1_2 1_2 fusion-one-half fusion-column-first\" style=\"--awb-bg-size:cover;width:50%;width:calc(50% - ( ( 4% ) * 0.5 ) );margin-right: 4%;\"><div class=\"fusion-column-wrapper fusion-column-has-shadow fusion-flex-column-wrapper-legacy\"><div class=\"fusion-image-element in-legacy-container\" style=\"--awb-caption-title-font-family:var(--h2_typography-font-family);--awb-caption-title-font-weight:var(--h2_typography-font-weight);--awb-caption-title-font-style:var(--h2_typography-font-style);--awb-caption-title-size:var(--h2_typography-font-size);--awb-caption-title-transform:var(--h2_typography-text-transform);--awb-caption-title-line-height:var(--h2_typography-line-height);--awb-caption-title-letter-spacing:var(--h2_typography-letter-spacing);\"><span class=\" fusion-imageframe imageframe-none imageframe-2 hover-type-none\"><img decoding=\"async\" width=\"1200\" height=\"800\" title=\"2 Pastor Satirio\" src=\"https:\/\/icc-weinfelden.ch\/wp-content\/uploads\/2020\/04\/2-Pastor-Satirio.jpg\" alt class=\"img-responsive wp-image-290\" srcset=\"https:\/\/icc-weinfelden.ch\/wp-content\/uploads\/2020\/04\/2-Pastor-Satirio-200x133.jpg 200w, https:\/\/icc-weinfelden.ch\/wp-content\/uploads\/2020\/04\/2-Pastor-Satirio-400x267.jpg 400w, https:\/\/icc-weinfelden.ch\/wp-content\/uploads\/2020\/04\/2-Pastor-Satirio-600x400.jpg 600w, https:\/\/icc-weinfelden.ch\/wp-content\/uploads\/2020\/04\/2-Pastor-Satirio-800x533.jpg 800w, https:\/\/icc-weinfelden.ch\/wp-content\/uploads\/2020\/04\/2-Pastor-Satirio.jpg 1200w\" sizes=\"(max-width: 800px) 100vw, 800px\" \/><\/span><\/div><div class=\"fusion-text fusion-text-3\"><p>El pastor misionero Jos\u00e9 Satirio Dos Santos y su esposa, la pastora Nair Andrade Dos Santos. El pastor Jos\u00e9 Satirio Dos Santos es fundador de la la Iglesia <a href=\"https:\/\/centrocristiano.com.co\/\">Centro Cristiano Internacional <\/a>en C\u00facuta, Colombia.<\/p>\n<p>Julio 2020: <a href=\"https:\/\/youtu.be\/JVf0aq38G-M\">Palabra<\/a> para la iglesia Centro Cristiano Suiza, del pastor y misionero Jos\u00e9 Satirio Dos Santos<\/p>\n<\/div><div class=\"fusion-clearfix\"><\/div><\/div><\/div><div class=\"fusion-layout-column fusion_builder_column fusion-builder-column-4 fusion_builder_column_1_2 1_2 fusion-one-half fusion-column-last\" style=\"--awb-bg-size:cover;width:50%;width:calc(50% - ( ( 4% ) * 0.5 ) );\"><div class=\"fusion-column-wrapper fusion-column-has-shadow fusion-flex-column-wrapper-legacy\"><div class=\"fusion-image-element in-legacy-container\" style=\"--awb-caption-title-font-family:var(--h2_typography-font-family);--awb-caption-title-font-weight:var(--h2_typography-font-weight);--awb-caption-title-font-style:var(--h2_typography-font-style);--awb-caption-title-size:var(--h2_typography-font-size);--awb-caption-title-transform:var(--h2_typography-text-transform);--awb-caption-title-line-height:var(--h2_typography-line-height);--awb-caption-title-letter-spacing:var(--h2_typography-letter-spacing);\"><span class=\" fusion-imageframe imageframe-none imageframe-3 hover-type-none\"><img decoding=\"async\" width=\"1200\" height=\"800\" title=\"1 Fausto Neliete\" src=\"https:\/\/icc-weinfelden.ch\/wp-content\/uploads\/2020\/04\/1-Fausto-Neliete.jpg\" alt class=\"img-responsive wp-image-287\" srcset=\"https:\/\/icc-weinfelden.ch\/wp-content\/uploads\/2020\/04\/1-Fausto-Neliete-200x133.jpg 200w, https:\/\/icc-weinfelden.ch\/wp-content\/uploads\/2020\/04\/1-Fausto-Neliete-400x267.jpg 400w, https:\/\/icc-weinfelden.ch\/wp-content\/uploads\/2020\/04\/1-Fausto-Neliete-600x400.jpg 600w, https:\/\/icc-weinfelden.ch\/wp-content\/uploads\/2020\/04\/1-Fausto-Neliete-800x533.jpg 800w, https:\/\/icc-weinfelden.ch\/wp-content\/uploads\/2020\/04\/1-Fausto-Neliete.jpg 1200w\" sizes=\"(max-width: 800px) 100vw, 800px\" \/><\/span><\/div><div class=\"fusion-text fusion-text-4\"><p>El pastor Fausto Jim\u00e9nez y su esposa la pastora y misionera Neliete Viegas son pastores de la congregaci\u00f3n <a href=\"https:\/\/www.facebook.com\/centro.cristiano.tucunare\/\">Centro Cristiano Tucunar\u00e9 <\/a>en C\u00facuta, Colombia; tambi\u00e9n son los principales responsables de los dos proyectos de los ni\u00f1os del <a href=\"https:\/\/www.facebook.com\/proyectocaracoles\/\">Comedor Infantil de Caracoles<\/a> y <a href=\"https:\/\/icc-weinfelden.ch\/es\/proyectos-para-ninos\/\">Nueva Ilusi\u00f3n<\/a>.<\/p>\n<\/div><div class=\"fusion-clearfix\"><\/div><\/div><\/div><\/div><\/div><div class=\"fusion-fullwidth fullwidth-box fusion-builder-row-4 nonhundred-percent-fullwidth non-hundred-percent-height-scrolling\" style=\"--awb-border-sizes-top:0px;--awb-border-sizes-bottom:0px;--awb-border-sizes-left:0px;--awb-border-sizes-right:0px;--awb-border-radius-top-left:0px;--awb-border-radius-top-right:0px;--awb-border-radius-bottom-right:0px;--awb-border-radius-bottom-left:0px;--awb-padding-top:0%;--awb-padding-right:5%;--awb-padding-bottom:0%;--awb-padding-left:5%;--awb-flex-wrap:wrap;\" ><div class=\"fusion-builder-row fusion-row\"><div class=\"fusion-layout-column fusion_builder_column fusion-builder-column-5 fusion_builder_column_1_1 1_1 fusion-one-full fusion-column-first fusion-column-last\" style=\"--awb-bg-size:cover;--awb-margin-top:2%;--awb-margin-bottom:3%;\" data-scroll-devices=\"small-visibility,medium-visibility,large-visibility\"><div class=\"fusion-column-wrapper fusion-column-has-shadow fusion-flex-column-wrapper-legacy\"><div class=\"fusion-video fusion-youtube fusion-aligncenter\" style=\"--awb-max-width:1920px;--awb-max-height:1080px;--awb-width:100%;\"><div class=\"video-shortcode\"><div class=\"fluid-width-video-wrapper\" style=\"padding-top:56.25%;\" ><iframe class=\"fusion-hidden\" data-privacy-type=\"youtube\" src=\"\" title=\"YouTube video player 1\" data-privacy-src=\"https:\/\/www.youtube.com\/embed\/YtQ09fZ_Lso?wmode=transparent&autoplay=0\" width=\"1920\" height=\"1080\" allowfullscreen allow=\"autoplay; clipboard-write; encrypted-media; gyroscope; picture-in-picture;\"><\/iframe><div class=\"fusion-privacy-placeholder\" style=\"width:1920px; height:1080px;\" data-privacy-type=\"youtube\"><div class=\"fusion-privacy-placeholder-content\"><div class=\"fusion-privacy-label\">For privacy reasons YouTube needs your permission to be loaded. For more details, please see our <a class=\"privacy-policy-link\" href=\"https:\/\/icc-weinfelden.ch\/privacy-policy\/\" rel=\"privacy-policy\">Privacy Policy<\/a>.<\/div><button data-privacy-type=\"youtube\" class=\"fusion-button button-default fusion-button-default-size button fusion-privacy-consent\">I Accept<\/button><\/div><\/div><\/div><\/div><\/div><div class=\"fusion-clearfix\"><\/div><\/div><\/div><\/div><\/div><div class=\"fusion-fullwidth fullwidth-box fusion-builder-row-5 fusion-flex-container has-pattern-background has-mask-background nonhundred-percent-fullwidth non-hundred-percent-height-scrolling\" style=\"--awb-border-radius-top-left:0px;--awb-border-radius-top-right:0px;--awb-border-radius-bottom-right:0px;--awb-border-radius-bottom-left:0px;--awb-flex-wrap:wrap;\" ><div class=\"fusion-builder-row fusion-row fusion-flex-align-items-flex-start fusion-flex-content-wrap\" style=\"max-width:1331.2px;margin-left: calc(-4% \/ 2 );margin-right: calc(-4% \/ 2 );\"><div class=\"fusion-layout-column fusion_builder_column fusion-builder-column-6 fusion_builder_column_1_1 1_1 fusion-flex-column\" style=\"--awb-bg-size:cover;--awb-width-large:100%;--awb-margin-top-large:0px;--awb-spacing-right-large:1.92%;--awb-margin-bottom-large:20px;--awb-spacing-left-large:1.92%;--awb-width-medium:100%;--awb-order-medium:0;--awb-spacing-right-medium:1.92%;--awb-spacing-left-medium:1.92%;--awb-width-small:100%;--awb-order-small:0;--awb-spacing-right-small:1.92%;--awb-spacing-left-small:1.92%;\"><div class=\"fusion-column-wrapper fusion-column-has-shadow fusion-flex-justify-content-flex-start fusion-content-layout-column\"><div class=\"fusion-title title fusion-title-1 fusion-title-center fusion-title-text fusion-title-size-three\" style=\"--awb-margin-top-small:10px;--awb-margin-right-small:0px;--awb-margin-bottom-small:10px;--awb-margin-left-small:0px;\"><div class=\"title-sep-container title-sep-container-left\"><div class=\"title-sep sep-double sep-solid\" style=\"border-color:#e2e2e2;\"><\/div><\/div><span class=\"awb-title-spacer\"><\/span><h3 class=\"fusion-title-heading title-heading-center fusion-responsive-typography-calculated\" style=\"margin:0;--fontSize:26;line-height:1.62;\"><span class=\"--l --r sentence_highlight\">50 aniversario de nuestra parroquia principal Centro Cristiano, en C\u00facuta, Colombia<\/span><\/h3><span class=\"awb-title-spacer\"><\/span><div class=\"title-sep-container title-sep-container-right\"><div class=\"title-sep sep-double sep-solid\" style=\"border-color:#e2e2e2;\"><\/div><\/div><\/div><\/div><\/div><\/div><\/div><div class=\"fusion-fullwidth fullwidth-box fusion-builder-row-6 fusion-flex-container has-pattern-background has-mask-background nonhundred-percent-fullwidth non-hundred-percent-height-scrolling\" style=\"--awb-border-radius-top-left:0px;--awb-border-radius-top-right:0px;--awb-border-radius-bottom-right:0px;--awb-border-radius-bottom-left:0px;--awb-flex-wrap:wrap;\" ><div class=\"fusion-builder-row fusion-row fusion-flex-align-items-center fusion-flex-justify-content-center fusion-flex-content-wrap\" style=\"max-width:1331.2px;margin-left: calc(-4% \/ 2 );margin-right: calc(-4% \/ 2 );\"><div class=\"fusion-layout-column fusion_builder_column fusion-builder-column-7 fusion_builder_column_1_1 1_1 fusion-flex-column fusion-flex-align-self-center\" style=\"--awb-bg-size:cover;--awb-width-large:100%;--awb-margin-top-large:0px;--awb-spacing-right-large:1.92%;--awb-margin-bottom-large:20px;--awb-spacing-left-large:1.92%;--awb-width-medium:100%;--awb-order-medium:0;--awb-spacing-right-medium:1.92%;--awb-spacing-left-medium:1.92%;--awb-width-small:100%;--awb-order-small:0;--awb-spacing-right-small:1.92%;--awb-spacing-left-small:1.92%;\" data-scroll-devices=\"small-visibility,medium-visibility,large-visibility\"><div class=\"fusion-column-wrapper fusion-column-has-shadow fusion-flex-justify-content-center fusion-content-layout-column\"><div class=\"fusion-image-carousel fusion-image-carousel-auto fusion-image-carousel-1 lightbox-enabled\"><div class=\"awb-carousel awb-swiper awb-swiper-carousel awb-carousel--coverflow awb-swiper-dots-position-bottom\" data-layout=\"coverflow\" data-autoplay=\"yes\" data-autoplayspeed=\"3000\" data-autoplaypause=\"yes\" data-loop=\"yes\" data-columns=\"3.0\" data-columnsmedium=\"1\" data-columnssmall=\"1\" data-itemmargin=\"13\" data-itemwidth=\"180\" data-touchscroll=\"no\" data-freemode=\"no\" data-imagesize=\"auto\" data-scrollitems=\"0\" data-centeredslides=\"no\" data-rotationangle=\"50\" data-depth=\"0\" data-speed=\"5000\" data-shadow=\"no\" data-pagination=\"bullets\" style=\"--awb-columns:3.0;--awb-dots-align:center;\"><div class=\"swiper-wrapper awb-image-carousel-wrapper fusion-flex-align-items-center\"><div class=\"swiper-slide\"><div class=\"fusion-carousel-item-wrapper\"><div class=\"fusion-image-wrapper hover-type-none\"><a data-rel=\"iLightbox[image_carousel_1]\" data-title=\"Jubileo_1\" aria-label=\"Jubileo_1\" href=\"https:\/\/icc-weinfelden.ch\/wp-content\/uploads\/2025\/06\/Jubileo_1.webp\" target=\"_self\"><img decoding=\"async\" width=\"823\" height=\"410\" src=\"https:\/\/icc-weinfelden.ch\/wp-content\/uploads\/2025\/06\/Jubileo_1.webp\" class=\"attachment-full size-full\" alt=\"\" srcset=\"https:\/\/icc-weinfelden.ch\/wp-content\/uploads\/2025\/06\/Jubileo_1-200x100.webp 200w, https:\/\/icc-weinfelden.ch\/wp-content\/uploads\/2025\/06\/Jubileo_1-400x199.webp 400w, https:\/\/icc-weinfelden.ch\/wp-content\/uploads\/2025\/06\/Jubileo_1-600x299.webp 600w, https:\/\/icc-weinfelden.ch\/wp-content\/uploads\/2025\/06\/Jubileo_1-800x399.webp 800w, https:\/\/icc-weinfelden.ch\/wp-content\/uploads\/2025\/06\/Jubileo_1.webp 823w\" sizes=\"(min-width: 2200px) 100vw, (min-width: 824px) 418px, (min-width: 732px) 627px, (min-width: 640px) 732px, \" \/><\/a><\/div><\/div><\/div><div class=\"swiper-slide\"><div class=\"fusion-carousel-item-wrapper\"><div class=\"fusion-image-wrapper hover-type-none\"><a data-rel=\"iLightbox[image_carousel_1]\" data-title=\"Jubileo_2\" aria-label=\"Jubileo_2\" href=\"https:\/\/icc-weinfelden.ch\/wp-content\/uploads\/2025\/06\/Jubileo_2.webp\" target=\"_self\"><img decoding=\"async\" width=\"1920\" height=\"1080\" src=\"https:\/\/icc-weinfelden.ch\/wp-content\/uploads\/2025\/06\/Jubileo_2.webp\" class=\"attachment-full size-full\" alt=\"\" srcset=\"https:\/\/icc-weinfelden.ch\/wp-content\/uploads\/2025\/06\/Jubileo_2-200x113.webp 200w, https:\/\/icc-weinfelden.ch\/wp-content\/uploads\/2025\/06\/Jubileo_2-400x225.webp 400w, https:\/\/icc-weinfelden.ch\/wp-content\/uploads\/2025\/06\/Jubileo_2-600x338.webp 600w, https:\/\/icc-weinfelden.ch\/wp-content\/uploads\/2025\/06\/Jubileo_2-800x450.webp 800w, https:\/\/icc-weinfelden.ch\/wp-content\/uploads\/2025\/06\/Jubileo_2-1200x675.webp 1200w, https:\/\/icc-weinfelden.ch\/wp-content\/uploads\/2025\/06\/Jubileo_2.webp 1920w\" sizes=\"(min-width: 2200px) 100vw, (min-width: 824px) 418px, (min-width: 732px) 627px, (min-width: 640px) 732px, \" \/><\/a><\/div><\/div><\/div><div class=\"swiper-slide\"><div class=\"fusion-carousel-item-wrapper\"><div class=\"fusion-image-wrapper hover-type-none\"><a data-rel=\"iLightbox[image_carousel_1]\" data-title=\"Jubileo_3\" aria-label=\"Jubileo_3\" href=\"https:\/\/icc-weinfelden.ch\/wp-content\/uploads\/2025\/06\/Jubileo_3.webp\" target=\"_self\"><img decoding=\"async\" width=\"1920\" height=\"1466\" src=\"https:\/\/icc-weinfelden.ch\/wp-content\/uploads\/2025\/06\/Jubileo_3.webp\" class=\"attachment-full size-full\" alt=\"\" srcset=\"https:\/\/icc-weinfelden.ch\/wp-content\/uploads\/2025\/06\/Jubileo_3-200x153.webp 200w, https:\/\/icc-weinfelden.ch\/wp-content\/uploads\/2025\/06\/Jubileo_3-400x305.webp 400w, https:\/\/icc-weinfelden.ch\/wp-content\/uploads\/2025\/06\/Jubileo_3-600x458.webp 600w, https:\/\/icc-weinfelden.ch\/wp-content\/uploads\/2025\/06\/Jubileo_3-800x611.webp 800w, https:\/\/icc-weinfelden.ch\/wp-content\/uploads\/2025\/06\/Jubileo_3-1200x916.webp 1200w, https:\/\/icc-weinfelden.ch\/wp-content\/uploads\/2025\/06\/Jubileo_3.webp 1920w\" sizes=\"(min-width: 2200px) 100vw, (min-width: 824px) 418px, (min-width: 732px) 627px, (min-width: 640px) 732px, \" \/><\/a><\/div><\/div><\/div><div class=\"swiper-slide\"><div class=\"fusion-carousel-item-wrapper\"><div class=\"fusion-image-wrapper hover-type-none\"><a data-rel=\"iLightbox[image_carousel_1]\" data-title=\"Jubileo_4\" aria-label=\"Jubileo_4\" href=\"https:\/\/icc-weinfelden.ch\/wp-content\/uploads\/2025\/06\/Jubileo_4.webp\" target=\"_self\"><img decoding=\"async\" width=\"1920\" height=\"1080\" src=\"https:\/\/icc-weinfelden.ch\/wp-content\/uploads\/2025\/06\/Jubileo_4.webp\" class=\"attachment-full size-full\" alt=\"\" srcset=\"https:\/\/icc-weinfelden.ch\/wp-content\/uploads\/2025\/06\/Jubileo_4-200x113.webp 200w, https:\/\/icc-weinfelden.ch\/wp-content\/uploads\/2025\/06\/Jubileo_4-400x225.webp 400w, https:\/\/icc-weinfelden.ch\/wp-content\/uploads\/2025\/06\/Jubileo_4-600x338.webp 600w, https:\/\/icc-weinfelden.ch\/wp-content\/uploads\/2025\/06\/Jubileo_4-800x450.webp 800w, https:\/\/icc-weinfelden.ch\/wp-content\/uploads\/2025\/06\/Jubileo_4-1200x675.webp 1200w, https:\/\/icc-weinfelden.ch\/wp-content\/uploads\/2025\/06\/Jubileo_4.webp 1920w\" sizes=\"(min-width: 2200px) 100vw, (min-width: 824px) 418px, (min-width: 732px) 627px, (min-width: 640px) 732px, \" \/><\/a><\/div><\/div><\/div><div class=\"swiper-slide\"><div class=\"fusion-carousel-item-wrapper\"><div class=\"fusion-image-wrapper hover-type-none\"><a data-rel=\"iLightbox[image_carousel_1]\" data-title=\"Jubileo_5\" aria-label=\"Jubileo_5\" href=\"https:\/\/icc-weinfelden.ch\/wp-content\/uploads\/2025\/06\/Jubileo_5.webp\" target=\"_self\"><img decoding=\"async\" width=\"1920\" height=\"1080\" src=\"https:\/\/icc-weinfelden.ch\/wp-content\/uploads\/2025\/06\/Jubileo_5.webp\" class=\"attachment-full size-full\" alt=\"\" srcset=\"https:\/\/icc-weinfelden.ch\/wp-content\/uploads\/2025\/06\/Jubileo_5-200x113.webp 200w, https:\/\/icc-weinfelden.ch\/wp-content\/uploads\/2025\/06\/Jubileo_5-400x225.webp 400w, https:\/\/icc-weinfelden.ch\/wp-content\/uploads\/2025\/06\/Jubileo_5-600x338.webp 600w, https:\/\/icc-weinfelden.ch\/wp-content\/uploads\/2025\/06\/Jubileo_5-800x450.webp 800w, https:\/\/icc-weinfelden.ch\/wp-content\/uploads\/2025\/06\/Jubileo_5-1200x675.webp 1200w, https:\/\/icc-weinfelden.ch\/wp-content\/uploads\/2025\/06\/Jubileo_5.webp 1920w\" sizes=\"(min-width: 2200px) 100vw, (min-width: 824px) 418px, (min-width: 732px) 627px, (min-width: 640px) 732px, \" \/><\/a><\/div><\/div><\/div><div class=\"swiper-slide\"><div class=\"fusion-carousel-item-wrapper\"><div class=\"fusion-image-wrapper hover-type-none\"><a data-rel=\"iLightbox[image_carousel_1]\" data-title=\"Jubileo_6\" aria-label=\"Jubileo_6\" href=\"https:\/\/icc-weinfelden.ch\/wp-content\/uploads\/2025\/06\/Jubileo_6.webp\" target=\"_self\"><img decoding=\"async\" width=\"1920\" height=\"1080\" src=\"https:\/\/icc-weinfelden.ch\/wp-content\/uploads\/2025\/06\/Jubileo_6.webp\" class=\"attachment-full size-full\" alt=\"\" srcset=\"https:\/\/icc-weinfelden.ch\/wp-content\/uploads\/2025\/06\/Jubileo_6-200x113.webp 200w, https:\/\/icc-weinfelden.ch\/wp-content\/uploads\/2025\/06\/Jubileo_6-400x225.webp 400w, https:\/\/icc-weinfelden.ch\/wp-content\/uploads\/2025\/06\/Jubileo_6-600x338.webp 600w, https:\/\/icc-weinfelden.ch\/wp-content\/uploads\/2025\/06\/Jubileo_6-800x450.webp 800w, https:\/\/icc-weinfelden.ch\/wp-content\/uploads\/2025\/06\/Jubileo_6-1200x675.webp 1200w, https:\/\/icc-weinfelden.ch\/wp-content\/uploads\/2025\/06\/Jubileo_6.webp 1920w\" sizes=\"(min-width: 2200px) 100vw, (min-width: 824px) 418px, (min-width: 732px) 627px, (min-width: 640px) 732px, \" \/><\/a><\/div><\/div><\/div><div class=\"swiper-slide\"><div class=\"fusion-carousel-item-wrapper\"><div class=\"fusion-image-wrapper hover-type-none\"><a data-rel=\"iLightbox[image_carousel_1]\" data-title=\"Jubileo_7\" aria-label=\"Jubileo_7\" href=\"https:\/\/icc-weinfelden.ch\/wp-content\/uploads\/2025\/06\/Jubileo_7.webp\" target=\"_self\"><img decoding=\"async\" width=\"1920\" height=\"1280\" src=\"https:\/\/icc-weinfelden.ch\/wp-content\/uploads\/2025\/06\/Jubileo_7.webp\" class=\"attachment-full size-full\" alt=\"\" srcset=\"https:\/\/icc-weinfelden.ch\/wp-content\/uploads\/2025\/06\/Jubileo_7-200x133.webp 200w, https:\/\/icc-weinfelden.ch\/wp-content\/uploads\/2025\/06\/Jubileo_7-400x267.webp 400w, https:\/\/icc-weinfelden.ch\/wp-content\/uploads\/2025\/06\/Jubileo_7-600x400.webp 600w, https:\/\/icc-weinfelden.ch\/wp-content\/uploads\/2025\/06\/Jubileo_7-800x533.webp 800w, https:\/\/icc-weinfelden.ch\/wp-content\/uploads\/2025\/06\/Jubileo_7-1200x800.webp 1200w, https:\/\/icc-weinfelden.ch\/wp-content\/uploads\/2025\/06\/Jubileo_7.webp 1920w\" sizes=\"(min-width: 2200px) 100vw, (min-width: 824px) 418px, (min-width: 732px) 627px, (min-width: 640px) 732px, \" \/><\/a><\/div><\/div><\/div><div class=\"swiper-slide\"><div class=\"fusion-carousel-item-wrapper\"><div class=\"fusion-image-wrapper hover-type-none\"><a data-rel=\"iLightbox[image_carousel_1]\" data-title=\"Jubileo_8\" aria-label=\"Jubileo_8\" href=\"https:\/\/icc-weinfelden.ch\/wp-content\/uploads\/2025\/06\/Jubileo_8.webp\" target=\"_self\"><img decoding=\"async\" width=\"1920\" height=\"1626\" src=\"https:\/\/icc-weinfelden.ch\/wp-content\/uploads\/2025\/06\/Jubileo_8.webp\" class=\"attachment-full size-full\" alt=\"\" srcset=\"https:\/\/icc-weinfelden.ch\/wp-content\/uploads\/2025\/06\/Jubileo_8-200x169.webp 200w, https:\/\/icc-weinfelden.ch\/wp-content\/uploads\/2025\/06\/Jubileo_8-400x339.webp 400w, https:\/\/icc-weinfelden.ch\/wp-content\/uploads\/2025\/06\/Jubileo_8-600x508.webp 600w, https:\/\/icc-weinfelden.ch\/wp-content\/uploads\/2025\/06\/Jubileo_8-800x678.webp 800w, https:\/\/icc-weinfelden.ch\/wp-content\/uploads\/2025\/06\/Jubileo_8-1200x1016.webp 1200w, https:\/\/icc-weinfelden.ch\/wp-content\/uploads\/2025\/06\/Jubileo_8.webp 1920w\" sizes=\"(min-width: 2200px) 100vw, (min-width: 824px) 418px, (min-width: 732px) 627px, (min-width: 640px) 732px, \" \/><\/a><\/div><\/div><\/div><div class=\"swiper-slide\"><div class=\"fusion-carousel-item-wrapper\"><div class=\"fusion-image-wrapper hover-type-none\"><a data-rel=\"iLightbox[image_carousel_1]\" data-title=\"Jubileo_9\" aria-label=\"Jubileo_9\" href=\"https:\/\/icc-weinfelden.ch\/wp-content\/uploads\/2025\/06\/Jubileo_9.webp\" target=\"_self\"><img decoding=\"async\" width=\"1095\" height=\"1066\" src=\"https:\/\/icc-weinfelden.ch\/wp-content\/uploads\/2025\/06\/Jubileo_9.webp\" class=\"attachment-full size-full\" alt=\"\" srcset=\"https:\/\/icc-weinfelden.ch\/wp-content\/uploads\/2025\/06\/Jubileo_9-200x195.webp 200w, https:\/\/icc-weinfelden.ch\/wp-content\/uploads\/2025\/06\/Jubileo_9-400x389.webp 400w, https:\/\/icc-weinfelden.ch\/wp-content\/uploads\/2025\/06\/Jubileo_9-600x584.webp 600w, https:\/\/icc-weinfelden.ch\/wp-content\/uploads\/2025\/06\/Jubileo_9-800x779.webp 800w, https:\/\/icc-weinfelden.ch\/wp-content\/uploads\/2025\/06\/Jubileo_9.webp 1095w\" sizes=\"(min-width: 2200px) 100vw, (min-width: 824px) 418px, (min-width: 732px) 627px, (min-width: 640px) 732px, \" \/><\/a><\/div><\/div><\/div><div class=\"swiper-slide\"><div class=\"fusion-carousel-item-wrapper\"><div class=\"fusion-image-wrapper hover-type-none\"><a data-rel=\"iLightbox[image_carousel_1]\" data-title=\"Jubileo_10\" aria-label=\"Jubileo_10\" href=\"https:\/\/icc-weinfelden.ch\/wp-content\/uploads\/2025\/06\/Jubileo_10.webp\" target=\"_self\"><img decoding=\"async\" width=\"1920\" height=\"1080\" src=\"https:\/\/icc-weinfelden.ch\/wp-content\/uploads\/2025\/06\/Jubileo_10.webp\" class=\"attachment-full size-full\" alt=\"\" srcset=\"https:\/\/icc-weinfelden.ch\/wp-content\/uploads\/2025\/06\/Jubileo_10-200x113.webp 200w, https:\/\/icc-weinfelden.ch\/wp-content\/uploads\/2025\/06\/Jubileo_10-400x225.webp 400w, https:\/\/icc-weinfelden.ch\/wp-content\/uploads\/2025\/06\/Jubileo_10-600x338.webp 600w, https:\/\/icc-weinfelden.ch\/wp-content\/uploads\/2025\/06\/Jubileo_10-800x450.webp 800w, https:\/\/icc-weinfelden.ch\/wp-content\/uploads\/2025\/06\/Jubileo_10-1200x675.webp 1200w, https:\/\/icc-weinfelden.ch\/wp-content\/uploads\/2025\/06\/Jubileo_10.webp 1920w\" sizes=\"(min-width: 2200px) 100vw, (min-width: 824px) 418px, (min-width: 732px) 627px, (min-width: 640px) 732px, \" \/><\/a><\/div><\/div><\/div><div class=\"swiper-slide\"><div class=\"fusion-carousel-item-wrapper\"><div class=\"fusion-image-wrapper hover-type-none\"><a data-rel=\"iLightbox[image_carousel_1]\" data-title=\"Jubileo_11\" aria-label=\"Jubileo_11\" href=\"https:\/\/icc-weinfelden.ch\/wp-content\/uploads\/2025\/06\/Jubileo_11.webp\" target=\"_self\"><img decoding=\"async\" width=\"1600\" height=\"1200\" src=\"https:\/\/icc-weinfelden.ch\/wp-content\/uploads\/2025\/06\/Jubileo_11.webp\" class=\"attachment-full size-full\" alt=\"\" srcset=\"https:\/\/icc-weinfelden.ch\/wp-content\/uploads\/2025\/06\/Jubileo_11-200x150.webp 200w, https:\/\/icc-weinfelden.ch\/wp-content\/uploads\/2025\/06\/Jubileo_11-400x300.webp 400w, https:\/\/icc-weinfelden.ch\/wp-content\/uploads\/2025\/06\/Jubileo_11-600x450.webp 600w, https:\/\/icc-weinfelden.ch\/wp-content\/uploads\/2025\/06\/Jubileo_11-800x600.webp 800w, https:\/\/icc-weinfelden.ch\/wp-content\/uploads\/2025\/06\/Jubileo_11-1200x900.webp 1200w, https:\/\/icc-weinfelden.ch\/wp-content\/uploads\/2025\/06\/Jubileo_11.webp 1600w\" sizes=\"(min-width: 2200px) 100vw, (min-width: 824px) 418px, (min-width: 732px) 627px, (min-width: 640px) 732px, \" \/><\/a><\/div><\/div><\/div><div class=\"swiper-slide\"><div class=\"fusion-carousel-item-wrapper\"><div class=\"fusion-image-wrapper hover-type-none\"><a data-rel=\"iLightbox[image_carousel_1]\" data-title=\"Jubileo_12\" aria-label=\"Jubileo_12\" href=\"https:\/\/icc-weinfelden.ch\/wp-content\/uploads\/2025\/06\/Jubileo_12.webp\" target=\"_self\"><img decoding=\"async\" width=\"1920\" height=\"1080\" src=\"https:\/\/icc-weinfelden.ch\/wp-content\/uploads\/2025\/06\/Jubileo_12.webp\" class=\"attachment-full size-full\" alt=\"\" srcset=\"https:\/\/icc-weinfelden.ch\/wp-content\/uploads\/2025\/06\/Jubileo_12-200x113.webp 200w, https:\/\/icc-weinfelden.ch\/wp-content\/uploads\/2025\/06\/Jubileo_12-400x225.webp 400w, https:\/\/icc-weinfelden.ch\/wp-content\/uploads\/2025\/06\/Jubileo_12-600x338.webp 600w, https:\/\/icc-weinfelden.ch\/wp-content\/uploads\/2025\/06\/Jubileo_12-800x450.webp 800w, https:\/\/icc-weinfelden.ch\/wp-content\/uploads\/2025\/06\/Jubileo_12-1200x675.webp 1200w, https:\/\/icc-weinfelden.ch\/wp-content\/uploads\/2025\/06\/Jubileo_12.webp 1920w\" sizes=\"(min-width: 2200px) 100vw, (min-width: 824px) 418px, (min-width: 732px) 627px, (min-width: 640px) 732px, \" \/><\/a><\/div><\/div><\/div><div class=\"swiper-slide\"><div class=\"fusion-carousel-item-wrapper\"><div class=\"fusion-image-wrapper hover-type-none\"><a data-rel=\"iLightbox[image_carousel_1]\" data-title=\"Jubileo_13\" aria-label=\"Jubileo_13\" href=\"https:\/\/icc-weinfelden.ch\/wp-content\/uploads\/2025\/06\/Jubileo_13.webp\" target=\"_self\"><img decoding=\"async\" width=\"675\" height=\"1200\" src=\"https:\/\/icc-weinfelden.ch\/wp-content\/uploads\/2025\/06\/Jubileo_13.webp\" class=\"attachment-full size-full\" alt=\"\" srcset=\"https:\/\/icc-weinfelden.ch\/wp-content\/uploads\/2025\/06\/Jubileo_13-200x356.webp 200w, https:\/\/icc-weinfelden.ch\/wp-content\/uploads\/2025\/06\/Jubileo_13-400x711.webp 400w, https:\/\/icc-weinfelden.ch\/wp-content\/uploads\/2025\/06\/Jubileo_13-600x1067.webp 600w, https:\/\/icc-weinfelden.ch\/wp-content\/uploads\/2025\/06\/Jubileo_13.webp 675w\" sizes=\"(min-width: 2200px) 100vw, (min-width: 824px) 418px, (min-width: 732px) 627px, (min-width: 640px) 732px, \" \/><\/a><\/div><\/div><\/div><\/div><div class=\"awb-swiper-button awb-swiper-button-prev\"><i class=\"awb-icon-angle-left\" aria-hidden=\"true\"><\/i><\/div><div class=\"awb-swiper-button awb-swiper-button-next\"><i class=\"awb-icon-angle-right\" aria-hidden=\"true\"><\/i><\/div><\/div><\/div><\/div><\/div><\/div><\/div>\n<div class=\"fusion-fullwidth fullwidth-box fusion-builder-row-7 nonhundred-percent-fullwidth non-hundred-percent-height-scrolling\" style=\"--awb-border-sizes-top:0px;--awb-border-sizes-bottom:0px;--awb-border-sizes-left:0px;--awb-border-sizes-right:0px;--awb-border-radius-top-left:0px;--awb-border-radius-top-right:0px;--awb-border-radius-bottom-right:0px;--awb-border-radius-bottom-left:0px;--awb-padding-top:0%;--awb-padding-right:5%;--awb-padding-bottom:0%;--awb-padding-left:5%;--awb-flex-wrap:wrap;\" ><div class=\"fusion-builder-row fusion-row\"><div class=\"fusion-layout-column fusion_builder_column fusion-builder-column-8 fusion_builder_column_1_1 1_1 fusion-one-full fusion-column-first fusion-column-last\" style=\"--awb-bg-size:cover;\"><div class=\"fusion-column-wrapper fusion-column-has-shadow fusion-flex-column-wrapper-legacy\"><div class=\"fusion-text fusion-text-5\"><p>Andreas Lange y Johana Lange-Rochels Le\u00f3n: <strong><em>\u00abAl igual que en Am\u00e9rica del Sur, tambi\u00e9n deseamos un avivamiento espiritual en Suiza y Europa\u00bb<\/em>.<\/strong><\/p>\n<p>Andreas y Johana tienen una familia compuesta por 4 hijos adultos y 5 nietos. Viven en Weinfelden TG. Andreas pas\u00f3 los primeros 13 a\u00f1os de su vida en el norte de Alemania. Desde 1998 ha estado en el ministerio a tiempo completo y es director de Medialog, un ministerio evangel\u00edstico. Es cofundador de varios ministerios en el \u00e1rea de evangelizaci\u00f3n y sanaci\u00f3n, fue invitado a programas de televisi\u00f3n, como Televisi\u00f3n nacional <a href=\"https:\/\/www.srf.ch\/play\/tv\/club\/video\/club-vom-07-06-2011?id=93afd30d-8413-4bd8-8665-72f7e6b724d6\">SRF<\/a> y <a href=\"https:\/\/youtu.be\/amHsWvOc_kY\">CLUB700<\/a>. Su padre Siegfried Lange fue cofundador de una obra misionera y predicador.<\/p>\n<p>Johana Creci\u00f3 en C\u00facuta, Colombia. Sobrevivi\u00f3 a una herida de bala cuando ten\u00eda 14 a\u00f1os. La conmovedora historia de su vida fue publicada y transmitida en la <a href=\"https:\/\/www.sonntag.ch\/sendungen-a-z\/ethik-und-moral\/von-den-letzten-dingen\/\">Serie de televisi\u00f3n \u00abFenster zum Sonntag\u00bb<\/a> transmitido. Johana tiene un amor sincero por la <a href=\"https:\/\/centrocristiano.com.co\/\">Iglesia Centro Cristiano Internacionl en C\u00facuta, Colombia<\/a>; donde encontr\u00f3 su casa espiritual hasta que lleg\u00f3 a Suiza. Desde 2013 dirige el ministerio evangel\u00edstico \u00abMedialog\u00bb junto con su esposo Andreas, donde WunderHeute.TV es una extensi\u00f3n de su trabajo. Tambi\u00e9n es la persona de contacto en Suiza para el \u00ab<a href=\"https:\/\/www.facebook.com\/proyectocaracoles\/\">proyecto de ayuda infantil Caracoles\u00bb<\/a> y <a href=\"https:\/\/wunderheute.tv\/human\">\u00abNueva Ilus\u00edon\u00bb<\/a>, desarrollados en C\u00facuta, Colombia.<\/p>\n<\/div><div class=\"fusion-clearfix\"><\/div><\/div><\/div><\/div><\/div><div class=\"fusion-fullwidth fullwidth-box fusion-builder-row-8 nonhundred-percent-fullwidth non-hundred-percent-height-scrolling\" style=\"--awb-background-position:left top;--awb-border-sizes-top:0px;--awb-border-sizes-bottom:0px;--awb-border-sizes-left:0px;--awb-border-sizes-right:0px;--awb-border-radius-top-left:0px;--awb-border-radius-top-right:0px;--awb-border-radius-bottom-right:0px;--awb-border-radius-bottom-left:0px;--awb-padding-top:1%;--awb-padding-right:7%;--awb-padding-bottom:1%;--awb-padding-left:7%;--awb-flex-wrap:wrap;\" ><div class=\"fusion-builder-row fusion-row\"><div class=\"fusion-layout-column fusion_builder_column fusion-builder-column-9 fusion_builder_column_1_1 1_1 fusion-one-full fusion-column-first fusion-column-last\" style=\"--awb-bg-size:cover;\"><div class=\"fusion-column-wrapper fusion-column-has-shadow fusion-flex-column-wrapper-legacy\"><div class=\"fusion-text fusion-text-6\"><h3 class=\"fusion-responsive-typography-calculated\" style=\"text-align: center; --fontsize: 26; line-height: 1.62;\" data-fontsize=\"26\" data-lineheight=\"42.1167px\"><strong>ALABANZA<\/strong><\/h3>\n<\/div><div class=\"fusion-image-element in-legacy-container\" style=\"--awb-caption-title-font-family:var(--h2_typography-font-family);--awb-caption-title-font-weight:var(--h2_typography-font-weight);--awb-caption-title-font-style:var(--h2_typography-font-style);--awb-caption-title-size:var(--h2_typography-font-size);--awb-caption-title-transform:var(--h2_typography-text-transform);--awb-caption-title-line-height:var(--h2_typography-line-height);--awb-caption-title-letter-spacing:var(--h2_typography-letter-spacing);\"><span class=\" fusion-imageframe imageframe-none imageframe-4 hover-type-none\"><img decoding=\"async\" width=\"1280\" height=\"720\" src=\"https:\/\/icc-weinfelden.ch\/wp-content\/uploads\/2023\/12\/Foto-Lobpreis-fuer-unsere-Website.png\" alt class=\"img-responsive wp-image-4438\" srcset=\"https:\/\/icc-weinfelden.ch\/wp-content\/uploads\/2023\/12\/Foto-Lobpreis-fuer-unsere-Website-200x113.png 200w, https:\/\/icc-weinfelden.ch\/wp-content\/uploads\/2023\/12\/Foto-Lobpreis-fuer-unsere-Website-400x225.png 400w, https:\/\/icc-weinfelden.ch\/wp-content\/uploads\/2023\/12\/Foto-Lobpreis-fuer-unsere-Website-600x338.png 600w, https:\/\/icc-weinfelden.ch\/wp-content\/uploads\/2023\/12\/Foto-Lobpreis-fuer-unsere-Website-800x450.png 800w, https:\/\/icc-weinfelden.ch\/wp-content\/uploads\/2023\/12\/Foto-Lobpreis-fuer-unsere-Website-1200x675.png 1200w, https:\/\/icc-weinfelden.ch\/wp-content\/uploads\/2023\/12\/Foto-Lobpreis-fuer-unsere-Website.png 1280w\" sizes=\"(max-width: 800px) 100vw, 1280px\" \/><\/span><\/div><div class=\"fusion-text fusion-text-7\"><p style=\"text-align: center;\">La alabanza es una parte importante de nuestros servicios de culto internacionales<strong class=\"gmail_sendername\" dir=\"auto\"><br \/>\n<\/strong><\/p>\n<\/div><div class=\"fusion-clearfix\"><\/div><\/div><\/div><\/div><\/div><div class=\"fusion-fullwidth fullwidth-box fusion-builder-row-9 nonhundred-percent-fullwidth non-hundred-percent-height-scrolling\" style=\"--awb-border-sizes-top:0px;--awb-border-sizes-bottom:0px;--awb-border-sizes-left:0px;--awb-border-sizes-right:0px;--awb-border-radius-top-left:0px;--awb-border-radius-top-right:0px;--awb-border-radius-bottom-right:0px;--awb-border-radius-bottom-left:0px;--awb-padding-top:0%;--awb-padding-right:5%;--awb-padding-bottom:0%;--awb-padding-left:5%;--awb-flex-wrap:wrap;\" ><div class=\"fusion-builder-row fusion-row\"><div class=\"fusion-layout-column fusion_builder_column fusion-builder-column-10 fusion_builder_column_1_1 1_1 fusion-one-full fusion-column-first fusion-column-last\" style=\"--awb-bg-size:cover;\"><div class=\"fusion-column-wrapper fusion-column-has-shadow fusion-flex-column-wrapper-legacy\"><div class=\"fusion-image-element fusion-image-align-center in-legacy-container\" style=\"text-align:center;--awb-max-width:300px;--awb-caption-title-font-family:var(--h2_typography-font-family);--awb-caption-title-font-weight:var(--h2_typography-font-weight);--awb-caption-title-font-style:var(--h2_typography-font-style);--awb-caption-title-size:var(--h2_typography-font-size);--awb-caption-title-transform:var(--h2_typography-text-transform);--awb-caption-title-line-height:var(--h2_typography-line-height);--awb-caption-title-letter-spacing:var(--h2_typography-letter-spacing);\"><div class=\"imageframe-align-center\"><span class=\" fusion-imageframe imageframe-none imageframe-5 hover-type-none\"><img decoding=\"async\" width=\"1200\" height=\"359\" title=\"2560px-schweizerische_evangelische_allianz_logo\" src=\"https:\/\/icc-weinfelden.ch\/wp-content\/uploads\/2025\/04\/2560px-schweizerische_evangelische_allianz_logo-1200x359.png\" alt class=\"img-responsive wp-image-5660\" srcset=\"https:\/\/icc-weinfelden.ch\/wp-content\/uploads\/2025\/04\/2560px-schweizerische_evangelische_allianz_logo-200x60.png 200w, https:\/\/icc-weinfelden.ch\/wp-content\/uploads\/2025\/04\/2560px-schweizerische_evangelische_allianz_logo-400x120.png 400w, https:\/\/icc-weinfelden.ch\/wp-content\/uploads\/2025\/04\/2560px-schweizerische_evangelische_allianz_logo-600x179.png 600w, https:\/\/icc-weinfelden.ch\/wp-content\/uploads\/2025\/04\/2560px-schweizerische_evangelische_allianz_logo-800x239.png 800w, https:\/\/icc-weinfelden.ch\/wp-content\/uploads\/2025\/04\/2560px-schweizerische_evangelische_allianz_logo-1200x359.png 1200w\" sizes=\"(max-width: 800px) 100vw, 1200px\" \/><\/span><\/div><\/div><div class=\"fusion-text fusion-text-8\"><p>Somos miembro colectivo de la Alianza Evang\u00e9lica. La Alianza Evang\u00e9lica Suiza SEA es una red de cristianos de diversas iglesias nacionales y libres y, al mismo tiempo, una asociaci\u00f3n de unas 480 congregaciones locales de iglesias nacionales y libres,<br \/>\norganizadas en unas 70 secciones.<\/p>\n<\/div><div class=\"fusion-image-element fusion-image-align-center in-legacy-container\" style=\"text-align:center;--awb-margin-top:1%;--awb-max-width:300px;--awb-caption-title-font-family:var(--h2_typography-font-family);--awb-caption-title-font-weight:var(--h2_typography-font-weight);--awb-caption-title-font-style:var(--h2_typography-font-style);--awb-caption-title-size:var(--h2_typography-font-size);--awb-caption-title-transform:var(--h2_typography-text-transform);--awb-caption-title-line-height:var(--h2_typography-line-height);--awb-caption-title-letter-spacing:var(--h2_typography-letter-spacing);\"><div class=\"imageframe-align-center\"><span class=\" fusion-imageframe imageframe-none imageframe-6 hover-type-none\"><img decoding=\"async\" width=\"306\" height=\"135\" title=\"Pfimi_logo\" src=\"https:\/\/icc-weinfelden.ch\/wp-content\/uploads\/2025\/04\/Pfimi_logo.png\" alt class=\"img-responsive wp-image-5663\" srcset=\"https:\/\/icc-weinfelden.ch\/wp-content\/uploads\/2025\/04\/Pfimi_logo-200x88.png 200w, https:\/\/icc-weinfelden.ch\/wp-content\/uploads\/2025\/04\/Pfimi_logo.png 306w\" sizes=\"(max-width: 800px) 100vw, 306px\" \/><\/span><\/div><\/div><div class=\"fusion-text fusion-text-9\"><p>Como iglesia, somos miembros invitados de la Misi\u00f3n Pentecostal Suiza SPM, una organizaci\u00f3n que agrupa a unas 70 iglesias libres de la Suiza alemana y el Tesino. Las iglesias est\u00e1n unidas por una confesi\u00f3n de fe com\u00fan, pero son independientes desde el punto de vista organizativo y financiero.<\/p>\n<\/div><div class=\"fusion-clearfix\"><\/div><\/div><\/div><\/div><\/div><\/p>\n","protected":false},"excerpt":{"rendered":"","protected":false},"author":1,"featured_media":0,"parent":0,"menu_order":0,"comment_status":"closed","ping_status":"closed","template":"","meta":{"footnotes":""},"class_list":["post-515","page","type-page","status-publish","hentry"],"_links":{"self":[{"href":"https:\/\/icc-weinfelden.ch\/es\/wp-json\/wp\/v2\/pages\/515","targetHints":{"allow":["GET"]}}],"collection":[{"href":"https:\/\/icc-weinfelden.ch\/es\/wp-json\/wp\/v2\/pages"}],"about":[{"href":"https:\/\/icc-weinfelden.ch\/es\/wp-json\/wp\/v2\/types\/page"}],"author":[{"embeddable":true,"href":"https:\/\/icc-weinfelden.ch\/es\/wp-json\/wp\/v2\/users\/1"}],"replies":[{"embeddable":true,"href":"https:\/\/icc-weinfelden.ch\/es\/wp-json\/wp\/v2\/comments?post=515"}],"version-history":[{"count":29,"href":"https:\/\/icc-weinfelden.ch\/es\/wp-json\/wp\/v2\/pages\/515\/revisions"}],"predecessor-version":[{"id":706,"href":"https:\/\/icc-weinfelden.ch\/es\/wp-json\/wp\/v2\/pages\/515\/revisions\/706"}],"wp:attachment":[{"href":"https:\/\/icc-weinfelden.ch\/es\/wp-json\/wp\/v2\/media?parent=515"}],"curies":[{"name":"wp","href":"https:\/\/api.w.org\/{rel}","templated":true}]}}